{"id":128,"date":"2012-10-01T16:29:39","date_gmt":"2012-10-01T16:29:39","guid":{"rendered":"http:\/\/www.manuelrojas.cl\/?page_id=128"},"modified":"2023-06-13T22:02:11","modified_gmt":"2023-06-13T22:02:11","slug":"audios","status":"publish","type":"page","link":"https:\/\/manuelrojas.cl\/index.php\/manuel-rojas\/galeria\/audios\/","title":{"rendered":"Audios"},"content":{"rendered":"<p>[et_pb_section admin_label=&#8221;section&#8221;]<br \/>\n\t\t\t[et_pb_row admin_label=&#8221;row&#8221;]<br \/>\n\t\t\t\t[et_pb_column type=&#8221;4_4&#8243;][et_pb_text admin_label=&#8221;Text&#8221;]<\/p>\n<h2><a href=\"http:\/\/www.manuelrojas.cl\/wp-content\/uploads\/MROJAS\/Audios\/Chile_de_arriba_a_abajo.jpg\"><img loading=\"lazy\" decoding=\"async\" class=\"alignleft size-full wp-image-2567\" src=\"http:\/\/www.manuelrojas.cl\/wp-content\/uploads\/MROJAS\/Audios\/Chile_de_arriba_a_abajo.jpg\" alt=\"Chile_de_arriba_a_abajo\" width=\"200\" height=\"200\" \/><\/a>Chile de arriba a abajo<\/h2>\n<p style=\"text-align: justify;\"><strong>Chile de arriba a abajo<\/strong> es un disco del cantautor chileno <strong>\u00c1ngel Parra<\/strong> realizado conjuntamente con <strong>Manuel Rojas<\/strong>. El disco est\u00e1 compuesto por 8 canciones interpretadas por \u00c1ngel Parra; cada canci\u00f3n est\u00e1 precedida por un breve texto le\u00eddo por Manuel Rojas. Tanto los textos preliminares como la letra de las canciones son de Manuel Rojas; la composici\u00f3n de la m\u00fasica e interpretaci\u00f3n es de \u00c1ngel Parra, acompa\u00f1ado por <em>Los de la pe\u00f1a<\/em> &#8211; cantores e instrumentistas populares.<\/p>\n<p style=\"text-align: justify;\">El vinilo de 33\u2153 rpm fue editado en 1968 por <em>Arena Producciones<\/em> y la <em>Corporaci\u00f3n de Radio de Chile S.A.<\/em><\/p>\n<p style=\"text-align: justify;\"><strong> Chile de arriba a abajo<\/strong> es el tercer y \u00faltimo \u00e1lbum de la serie iniciada por \u00c1ngel Parra en colaboraci\u00f3n con algunos de los m\u00e1s importantes escritores y poetas de la literatura chilena. Le precedieron <em>Arte de p\u00e1jaros<\/em> donde brillan los versos de Pablo Neruda y <em>Las Cuecas de \u00c1ngel Parra y Fernando Alegr\u00eda<\/em>.<\/p>\n<ul>\n<li>Atacame\u00f1o &#8211; Trote<\/li>\n<li>El hombre del Loa &#8211; Lamento y cachimba<\/li>\n<li>Salinas &#8211; Tonada punteada<\/li>\n<li>Viento en el Rupanco &#8211; Parabi\u00e9n<\/li>\n<li>El canto de Chile &#8211; Cueca<\/li>\n<li>Chucao &#8211; Canci\u00f3n<\/li>\n<li>Puerto Ed\u00e9n &#8211; Vals pericona<\/li>\n<li>Lobero muerto &#8211; Sirilla<\/li>\n<\/ul>\n<h3>Chile de arriba a abajo<\/h3>\n<p><strong>Letra: Manuel Rojas \u2013 Composici\u00f3n: \u00c1ngel Parra<\/strong> \/ <em>1968<\/em> <audio src=\"http:\/\/www.manuelrojas.cl\/wp-content\/uploads\/Manuel-Rojas-Angel-Parra-Chile-de-arriba-a-abajo.mp3\"><\/audio><\/p>\n<hr \/>\n<h2><a href=\"http:\/\/www.manuelrojas.cl\/wp-content\/uploads\/MROJAS\/Audios\/Manuel_Rojas_UNAM.jpg\"><img loading=\"lazy\" decoding=\"async\" class=\"alignleft wp-image-2575\" src=\"http:\/\/www.manuelrojas.cl\/wp-content\/uploads\/MROJAS\/Audios\/Manuel_Rojas_UNAM.jpg\" alt=\"Manuel_Rojas_UNAM\" width=\"200\" height=\"200\" \/><\/a>Manuel Rojas: Voz viva de Am\u00e9rica Latina<\/h2>\n<p style=\"text-align: justify;\">En <strong>Voz viva de Am\u00e9rica Latina<\/strong>, <strong>Manuel Rojas<\/strong> lee tres fragmentos de su novela<a title=\"Novelas - Hijo de ladr\u00f3n\" href=\"http:\/\/www.manuelrojas.cl\/hijo-de-ladron\/?lang=es\"><strong> Hijo de ladr\u00f3n<\/strong><\/a>. El vinilo de 33\u2153 rpm, fue editado en 1968 por la <em>Universidad Aut\u00f3noma de M\u00e9xico<\/em> (UNAM) y la <em>Uni\u00f3n de Universidades de Am\u00e9rica Latina<\/em>.<\/p>\n<p style=\"text-align: justify;\">Este disco es el onceavo \u00e1lbum de la serie <em>Voz viva de Am\u00e9rica Latina<\/em> en la que se registraron las voces de destacados escritores latinoamericanos, incluyendo \u2013entre otros\u2013 a Benito Ju\u00e1rez, Jos\u00e9 Mart\u00ed, Rub\u00e9n Dar\u00edo, Pablo Neruda, Miguel \u00c1ngel Asturias, C\u00e9sar Vallejo, Alejo Carpentier, Juan Carlos Onetti, Gabriel Garc\u00eda M\u00e1rquez, Mario Vargas Llosa, Jorge Luis Borges, Ernesto Cardenal, Sara Ib\u00e1\u00f1ez y el propio Manuel Rojas.<\/p>\n<p style=\"text-align: justify;\">El disco incluye un <a title=\"Libreto Voz viva de Am\u00e9rica Latina\" href=\"http:\/\/www.manuelrojas.cl\/wp-content\/uploads\/Manuel-Rojas-Voz-viva-de-America-Latina.pdf\" rel=\"noopener noreferrer\" target=\"_blank\"><strong>Libreto con un Pr\u00f3logo de Emmanuel Carballo<\/strong><\/a> y la transcripci\u00f3n de los tres fragmentos de <a title=\"Novelas - Hijo de ladr\u00f3n\" href=\"http:\/\/www.manuelrojas.cl\/hijo-de-ladron\/?lang=es\"><strong>Hijo de ladr\u00f3n<\/strong><\/a> le\u00eddos por su autor.<\/p>\n<ul>\n<li>Hijo de ladr\u00f3n &#8211; Inicio de la novela<\/li>\n<li>Hijo de ladr\u00f3n &#8211; La herida<\/li>\n<li>Hijo de ladr\u00f3n &#8211; \u00daltimas p\u00e1ginas<\/li>\n<\/ul>\n<h3>Hijo de ladr\u00f3n &#8211; Le\u00eddo por el autor<\/h3>\n<p><strong>Voz viva de Am\u00e9rica Latina<\/strong> \/ <em>1968<\/em><audio src=\"http:\/\/www.manuelrojas.cl\/wp-content\/uploads\/Manuel-Rojas-Hijo-de-ladron.mp3\"><\/audio><\/p>\n<hr \/>\n<h2><a href=\"http:\/\/www.manuelrojas.cl\/wp-content\/uploads\/El-Vaso-de-Leche.jpg\"><img loading=\"lazy\" decoding=\"async\" class=\"alignleft wp-image-6534 \" src=\"http:\/\/www.manuelrojas.cl\/wp-content\/uploads\/El-Vaso-de-Leche.jpg\" alt=\"\" width=\"200\" height=\"209\" \/><\/a>Manuel Rojas: El vaso de leche<\/h2>\n<p style=\"text-align: justify;\">En la colecci\u00f3n de discos <em>Archivo de la Palabra<\/em>, <strong>Manuel Rojas<\/strong> lee su famoso cuento <a title=\"Cuentos - El vaso de leche\" href=\"http:\/\/www.manuelrojas.cl\/el-vaso-de-leche\"><strong>El vaso de leche<\/strong><\/a>. El vinilo de 78 rpm, del que existen muy pocos ejemplares, fue grabado en 1953 por la hist\u00f3rica editorial <em>Cruz del Sur<\/em>. Dirigida por Arturo Soria y otros destacados refugiados republicanos espa\u00f1oles \u2013como Mauricio Amster, Jos\u00e9 Ricardo Morales y Roser Bru\u2013, <em>Cruz del Sur<\/em> ten\u00eda por objetivos rescatar los valores de la tradici\u00f3n literaria espa\u00f1ola y crear un di\u00e1logo con los escritores locales. As\u00ed la casa editorial public\u00f3 en Chile cl\u00e1sicos peninsulares, escritores espa\u00f1oles contempor\u00e1neos y varias colecciones de obras chilenas: una de las cuales fue dirigida por <strong>Manuel Rojas<\/strong>. En paralelo <em>Cruz del Sur<\/em> implement\u00f3 una red de librer\u00edas donde se vend\u00edan sus libros a muy bajo costo.<\/p>\n<p style=\"text-align: justify;\">La editorial dio tambi\u00e9n cabida a diversas iniciativas culturales, en las que se enmarca la colecci\u00f3n de discos <em>Archivo de la Palabra<\/em>, grabados en los a\u00f1os 50 y que conjugan literatura y m\u00fasica cl\u00e1sica. Los t\u00edtulos aparecidos \u2013adem\u00e1s de <a title=\"Cuentos - El vaso de leche\" href=\"http:\/\/www.manuelrojas.cl\/el-vaso-de-leche\"><strong>El vaso de leche<\/strong><\/a>\u2013 son: <em>Golfo de Penas<\/em> de Francisco Coloane, <em>La Araucana<\/em> con voz de Rub\u00e9n Azocar, <em>Mi amigo Miguel de Cervantes<\/em> con voz de Carlos Vicu\u00f1a, <em>El nuevo mundo y sus ap\u00f3stoles<\/em> de Marcel Bataillon y <em>Sobre el buen uso de las ruinas<\/em> de Juli\u00e1n Mar\u00edas.<\/p>\n<h3>El vaso de leche &#8211; Le\u00eddo por el autor<\/h3>\n<p><b>Cruz del Sur &#8211; Archivo de la Palabra<\/b> \/ <em>1953<\/em><audio src=\"http:\/\/www.manuelrojas.cl\/wp-content\/uploads\/Manuel-Rojas-El-vaso-de-leche.mp3\"><\/audio><\/p>\n<hr \/>\n<h2><a href=\"http:\/\/www.manuelrojas.cl\/wp-content\/uploads\/Biblioteca-Nacional.jpeg\"><img loading=\"lazy\" decoding=\"async\" class=\"alignleft wp-image-6534 \" src=\"http:\/\/www.manuelrojas.cl\/wp-content\/uploads\/Biblioteca-Nacional.jpeg\" alt=\"\" width=\"200\" height=\"209\" \/><\/a>Cuentos &#8211; Pancho Rojas y Poco sueldo<\/h2>\n<p style=\"text-align: justify;\">A fines de los a\u00f1os 60 Manuel Rojas graba dos de sus cuentos para la <em>Biblioteca Nacional<\/em>: <em>Poco sueldo<\/em> y <em>Pancho Rojas<\/em>. El primero provine de la colecci\u00f3n titulada <a title=\"Cuentos - Traves\u00eda\" href=\"http:\/\/www.manuelrojas.cl\/travesia\/\"><strong>Traves\u00eda<\/strong><\/a>, publicada en 1934, y que re\u00fane varios de sus relatos breves. Con <em>Poco sueldo<\/em> Rojas inaugura la oficina como espacio para la narrativa chilena, en la que instala las diferencias sociales extremas al describir magistralmente la confrontaci\u00f3n de funcionarios capitalinos con la miseria del pueblo.<\/p>\n<p style=\"text-align: justify;\"><em>Pancho Rojas<\/em> es uno de los \u00faltimos cuentos escrito por el autor, publicado en 1951 en la revista <em>Occidente<\/em> e integrado en su colecci\u00f3n titulada simplemente <a title=\"Cuentos - Cuentos\" href=\"http:\/\/www.manuelrojas.cl\/cuentos-libro\/\"><strong>Cuentos<\/strong><\/a>. La narraci\u00f3n es una profunda reflexi\u00f3n sobre la libertad a prop\u00f3sito de un queltehue que el escritor y su familia cuidan en el patio de su casa. <em>Pancho Rojas<\/em> destaca dentro de la serie de cuentos sobre p\u00e1jaros \u2013tales como <em>Mares libres<\/em> o <em>El ni\u00f1o y el choroy<\/em>\u2013, aves que Rojas am\u00f3 y conoci\u00f3, siendo para \u00e9l el s\u00edmbolo natural y vital de la libertad.<\/p>\n<hr \/>\n<h3>Poco sueldo &#8211; Le\u00eddo por el autor<\/h3>\n<p><b>Biblioteca Nacional<\/b>\u00a0\/ <em>1934<\/em><audio src=\"http:\/\/www.manuelrojas.cl\/wp-content\/uploads\/Manuel-Rojas-Poco-sueldo.mp3\"><\/audio><\/p>\n<hr \/>\n<h3>Pancho Rojas &#8211; Le\u00eddo por el autor<\/h3>\n<p><b>Biblioteca Nacional<\/b>\u00a0\/ <em>1951<\/em><audio src=\"http:\/\/www.manuelrojas.cl\/wp-content\/uploads\/Manuel-Rojas-Pancho-Rojas.mp3\"><\/audio><\/p>\n<hr \/>\n<h3>Atacame\u00f1o<\/h3>\n<p><strong>Trote<\/strong> \/ <em>Angel Parra y Manuel Rojas <\/em><audio src=\"http:\/\/www.manuelrojas.cl\/wp-content\/uploads\/audio\/atacameno_trote.mp3\"><\/audio><\/p>\n<hr \/>\n<h3>El hombre del Loa<\/h3>\n<p><strong>Lamento y Cachimbo<\/strong> \/ <em>Angel Parra y Manuel Rojas <\/em> <audio src=\"http:\/\/www.manuelrojas.cl\/wp-content\/uploads\/audio\/Manuel-Rojas-Angel-Parra-Chile-de-Arriba-a-Abajo-2.-Hombre-del-Loa-Lamento-y-cachimbo.mp3\"><\/audio><\/p>\n<hr \/>\n<h3>Salinas<\/h3>\n<p><strong>Tonada punteada<\/strong> \/ <em>Angel Parra y Manuel Rojas <\/em> <audio src=\"http:\/\/www.manuelrojas.cl\/wp-content\/uploads\/audio\/Manuel-Rojas-Angel-Parra-Chile-de-Arriba-a-Abajo-3.-Salinas-Tonada-punteada.mp3\"><\/audio><\/p>\n<hr \/>\n<h3>Viento en el Rupanco<\/h3>\n<p><strong>Parabi\u00e9n<\/strong> \/ <em>Angel Parra y Manuel Rojas <\/em> <audio src=\"http:\/\/www.manuelrojas.cl\/wp-content\/uploads\/audio\/Manuel-Rojas-Angel-Parra-Chile-de-Arriba-a-Abajo-4.-Viento-en-el-Rupanco-Estilo-parabien.mp3\"><\/audio><\/p>\n<hr \/>\n<h3>El canto de Chile<\/h3>\n<p><strong>Ritmo de cueca<\/strong> \/ <em>Angel Parra y Manuel Rojas <\/em> <audio src=\"http:\/\/www.manuelrojas.cl\/wp-content\/uploads\/audio\/Manuel-Rojas-Angel-Parra-Chile-de-Arriba-a-Abajo-5.-El-Canto-de-Chile-Cueca.mp3\"><\/audio><\/p>\n<hr \/>\n<h3>Chucao<\/h3>\n<p><strong>Canci\u00f3n<\/strong><b> \/ <\/b><em>Angel Parra y Manuel Rojas <\/em> <audio src=\"http:\/\/www.manuelrojas.cl\/wp-content\/uploads\/audio\/Manuel-Rojas-Angel-Parra-Chile-de-Arriba-a-Abajo-6.-Chucao-Cancion.mp3\"><\/audio><\/p>\n<hr \/>\n<h3>Puerto Ed\u00e9n<\/h3>\n<p><strong>Vals Pericona<\/strong> \/ <em>Angel Parra y Manuel Rojas <\/em> <audio src=\"http:\/\/www.manuelrojas.cl\/wp-content\/uploads\/audio\/Manuel-Rojas-Angel-Parra-Chile-de-Arriba-a-Abajo-7.-Puerto-Eden-Vals-pericona.mp3\"><\/audio><\/p>\n<hr \/>\n<h3>Lobero muerto<\/h3>\n<p><strong>Sirilla<\/strong> \/ <em>Angel Parra y Manuel Rojas <\/em> <audio src=\"http:\/\/www.manuelrojas.cl\/wp-content\/uploads\/audio\/Manuel-Rojas-Angel-Parra-Chile-de-Arriba-a-Abajo-8.-Lobero-Muerto-Estilo-sirilla.mp3\"><\/audio><\/p>\n<hr \/>\n<h3>Pancho Rojas<\/h3>\n<p><b>Manuel Rojas<\/b>\u00a0\/ 1968<em>\u00a0<\/em><audio src=\"http:\/\/www.manuelrojas.cl\/wp-content\/uploads\/Dos-cuentos-cinco-voces-Pancho-Rojas.mp3\"><\/audio><\/p>\n<p>[\/et_pb_text][\/et_pb_column]<br \/>\n\t\t\t[\/et_pb_row]<br \/>\n\t\t[\/et_pb_section]<\/p>\n","protected":false},"excerpt":{"rendered":"<p>Chile de arriba a abajo Chile de arriba a abajo es un disco del cantautor chileno \u00c1ngel Parra realizado conjuntamente con Manuel Rojas. El disco est\u00e1 compuesto por 8 canciones interpretadas por \u00c1ngel Parra; cada canci\u00f3n est\u00e1 precedida por un breve texto le\u00eddo por Manuel Rojas. Tanto los textos preliminares como la letra de las [&hellip;]<\/p>\n","protected":false},"author":1,"featured_media":2567,"parent":7831,"menu_order":0,"comment_status":"closed","ping_status":"closed","template":"","meta":{"_et_pb_use_builder":"on","_et_pb_old_content":"<h2><a href=\"http:\/\/www.manuelrojas.cl\/wp-content\/uploads\/MROJAS\/Audios\/Chile_de_arriba_a_abajo.jpg\"><img class=\"alignleft size-full wp-image-2567\" src=\"http:\/\/www.manuelrojas.cl\/wp-content\/uploads\/MROJAS\/Audios\/Chile_de_arriba_a_abajo.jpg\" alt=\"Chile_de_arriba_a_abajo\" width=\"200\" height=\"200\" \/><\/a>Chile de arriba a abajo<\/h2>\n<p style=\"text-align: justify;\"><strong>Chile de arriba a abajo<\/strong> es un disco del cantautor chileno <strong>\u00c1ngel Parra<\/strong> realizado conjuntamente con <strong>Manuel Rojas<\/strong>. El disco est\u00e1 compuesto por 8 canciones interpretadas por \u00c1ngel Parra; cada canci\u00f3n est\u00e1 precedida por un breve texto le\u00eddo por Manuel Rojas. Tanto los textos preliminares como la letra de las canciones son de Manuel Rojas; la composici\u00f3n de la m\u00fasica e interpretaci\u00f3n es de \u00c1ngel Parra, acompa\u00f1ado por <em>Los de la pe\u00f1a<\/em> - cantores e instrumentistas populares.<\/p>\n<p style=\"text-align: justify;\">El vinilo de 33\u2153 rpm fue editado en 1968 por <em>Arena Producciones<\/em> y la <em>Corporaci\u00f3n de Radio de Chile S.A.<\/em><\/p>\n<p style=\"text-align: justify;\"><strong> Chile de arriba a abajo<\/strong> es el tercer y \u00faltimo \u00e1lbum de la serie iniciada por \u00c1ngel Parra en colaboraci\u00f3n con algunos de los m\u00e1s importantes escritores y poetas de la literatura chilena. Le precedieron <em>Arte de p\u00e1jaros<\/em> donde brillan los versos de Pablo Neruda y <em>Las Cuecas de \u00c1ngel Parra y Fernando Alegr\u00eda<\/em>.<\/p>\n\n<ul>\n \t<li>Atacame\u00f1o - Trote<\/li>\n \t<li>El hombre del Loa - Lamento y cachimba<\/li>\n \t<li>Salinas - Tonada punteada<\/li>\n \t<li>Viento en el Rupanco - Parabi\u00e9n<\/li>\n \t<li>El canto de Chile - Cueca<\/li>\n \t<li>Chucao - Canci\u00f3n<\/li>\n \t<li>Puerto Ed\u00e9n - Vals pericona<\/li>\n \t<li>Lobero muerto - Sirilla<\/li>\n<\/ul>\n<h3>Chile de arriba a abajo<\/h3>\n<strong>Letra: Manuel Rojas \u2013 Composici\u00f3n: \u00c1ngel Parra<\/strong> \/ <em>1968<\/em> <audio src=\"http:\/\/www.manuelrojas.cl\/wp-content\/uploads\/Manuel-Rojas-Angel-Parra-Chile-de-arriba-a-abajo.mp3\"><\/audio>\n\n<hr \/>\n\n<h2><a href=\"http:\/\/www.manuelrojas.cl\/wp-content\/uploads\/MROJAS\/Audios\/Manuel_Rojas_UNAM.jpg\"><img class=\"alignleft wp-image-2575\" src=\"http:\/\/www.manuelrojas.cl\/wp-content\/uploads\/MROJAS\/Audios\/Manuel_Rojas_UNAM.jpg\" alt=\"Manuel_Rojas_UNAM\" width=\"200\" height=\"200\" \/><\/a>Manuel Rojas: Voz viva de Am\u00e9rica Latina<\/h2>\n<p style=\"text-align: justify;\">En <strong>Voz viva de Am\u00e9rica Latina<\/strong>, <strong>Manuel Rojas<\/strong> lee tres fragmentos de su novela<a title=\"Novelas - Hijo de ladr\u00f3n\" href=\"http:\/\/www.manuelrojas.cl\/hijo-de-ladron\/?lang=es\"><strong> Hijo de ladr\u00f3n<\/strong><\/a>. El vinilo de 33\u2153 rpm, fue editado en 1968 por la <em>Universidad Aut\u00f3noma de M\u00e9xico<\/em> (UNAM) y la <em>Uni\u00f3n de Universidades de Am\u00e9rica Latina<\/em>.<\/p>\n<p style=\"text-align: justify;\">Este disco es el onceavo \u00e1lbum de la serie <em>Voz viva de Am\u00e9rica Latina<\/em> en la que se registraron las voces de destacados escritores latinoamericanos, incluyendo \u2013entre otros\u2013 a Benito Ju\u00e1rez, Jos\u00e9 Mart\u00ed, Rub\u00e9n Dar\u00edo, Pablo Neruda, Miguel \u00c1ngel Asturias, C\u00e9sar Vallejo, Alejo Carpentier, Juan Carlos Onetti, Gabriel Garc\u00eda M\u00e1rquez, Mario Vargas Llosa, Jorge Luis Borges, Ernesto Cardenal, Sara Ib\u00e1\u00f1ez y el propio Manuel Rojas.<\/p>\n<p style=\"text-align: justify;\">El disco incluye un <a title=\"Libreto Voz viva de Am\u00e9rica Latina\" href=\"http:\/\/www.manuelrojas.cl\/wp-content\/uploads\/Manuel-Rojas-Voz-viva-de-America-Latina.pdf\" rel=\"noopener noreferrer\" target=\"_blank\"><strong>Libreto con un Pr\u00f3logo de Emmanuel Carballo<\/strong><\/a> y la transcripci\u00f3n de los tres fragmentos de <a title=\"Novelas - Hijo de ladr\u00f3n\" href=\"http:\/\/www.manuelrojas.cl\/hijo-de-ladron\/?lang=es\"><strong>Hijo de ladr\u00f3n<\/strong><\/a> le\u00eddos por su autor.<\/p>\n\n<ul>\n \t<li>Hijo de ladr\u00f3n - Inicio de la novela<\/li>\n \t<li>Hijo de ladr\u00f3n - La herida<\/li>\n \t<li>Hijo de ladr\u00f3n - \u00daltimas p\u00e1ginas<\/li>\n<\/ul>\n<h3>Hijo de ladr\u00f3n - Le\u00eddo por el autor<\/h3>\n<strong>Voz viva de Am\u00e9rica Latina<\/strong> \/ <em>1968<\/em><audio src=\"http:\/\/www.manuelrojas.cl\/wp-content\/uploads\/Manuel-Rojas-Hijo-de-ladron.mp3\"><\/audio>\n\n<hr \/>\n\n<h2><a href=\"http:\/\/www.manuelrojas.cl\/wp-content\/uploads\/El-Vaso-de-Leche.jpg\"><img class=\"alignleft wp-image-6534 \" src=\"http:\/\/www.manuelrojas.cl\/wp-content\/uploads\/El-Vaso-de-Leche.jpg\" alt=\"\" width=\"200\" height=\"209\" \/><\/a>Manuel Rojas: El vaso de leche<\/h2>\n<p style=\"text-align: justify;\">En la colecci\u00f3n de discos <em>Archivo de la Palabra<\/em>, <strong>Manuel Rojas<\/strong> lee su famoso cuento <a title=\"Cuentos - El vaso de leche\" href=\"http:\/\/www.manuelrojas.cl\/el-vaso-de-leche\"><strong>El vaso de leche<\/strong><\/a>. El vinilo de 78 rpm, del que existen muy pocos ejemplares, fue grabado en 1953 por la hist\u00f3rica editorial <em>Cruz del Sur<\/em>. Dirigida por Arturo Soria y otros destacados refugiados republicanos espa\u00f1oles \u2013como Mauricio Amster, Jos\u00e9 Ricardo Morales y Roser Bru\u2013, <em>Cruz del Sur<\/em> ten\u00eda por objetivos rescatar los valores de la tradici\u00f3n literaria espa\u00f1ola y crear un di\u00e1logo con los escritores locales. As\u00ed la casa editorial public\u00f3 en Chile cl\u00e1sicos peninsulares, escritores espa\u00f1oles contempor\u00e1neos y varias colecciones de obras chilenas: una de las cuales fue dirigida por <strong>Manuel Rojas<\/strong>. En paralelo <em>Cruz del Sur<\/em> implement\u00f3 una red de librer\u00edas donde se vend\u00edan sus libros a muy bajo costo.<\/p>\n<p style=\"text-align: justify;\">La editorial dio tambi\u00e9n cabida a diversas iniciativas culturales, en las que se enmarca la colecci\u00f3n de discos <em>Archivo de la Palabra<\/em>, grabados en los a\u00f1os 50 y que conjugan literatura y m\u00fasica cl\u00e1sica. Los t\u00edtulos aparecidos \u2013adem\u00e1s de <a title=\"Cuentos - El vaso de leche\" href=\"http:\/\/www.manuelrojas.cl\/el-vaso-de-leche\"><strong>El vaso de leche<\/strong><\/a>\u2013 son: <em>Golfo de Penas<\/em> de Francisco Coloane, <em>La Araucana<\/em> con voz de Rub\u00e9n Azocar, <em>Mi amigo Miguel de Cervantes<\/em> con voz de Carlos Vicu\u00f1a, <em>El nuevo mundo y sus ap\u00f3stoles<\/em> de Marcel Bataillon y <em>Sobre el buen uso de las ruinas<\/em> de Juli\u00e1n Mar\u00edas.<\/p>\n\n<h3>El vaso de leche - Le\u00eddo por el autor<\/h3>\n<b>Cruz del Sur - Archivo de la Palabra<\/b> \/ <em>1953<\/em><audio src=\"http:\/\/www.manuelrojas.cl\/wp-content\/uploads\/Manuel-Rojas-El-vaso-de-leche.mp3\"><\/audio>\n\n<hr \/>\n\n<h2><a href=\"http:\/\/www.manuelrojas.cl\/wp-content\/uploads\/Biblioteca-Nacional.jpeg\"><img class=\"alignleft wp-image-6534 \" src=\"http:\/\/www.manuelrojas.cl\/wp-content\/uploads\/Biblioteca-Nacional.jpeg\" alt=\"\" width=\"200\" height=\"209\" \/><\/a>Cuentos - Pancho Rojas y Poco sueldo<\/h2>\n<p style=\"text-align: justify;\">A fines de los a\u00f1os 60 Manuel Rojas graba dos de sus cuentos para la <em>Biblioteca Nacional<\/em>: <em>Poco sueldo<\/em> y <em>Pancho Rojas<\/em>. El primero provine de la colecci\u00f3n titulada <a title=\"Cuentos - Traves\u00eda\" href=\"http:\/\/www.manuelrojas.cl\/travesia\/\"><strong>Traves\u00eda<\/strong><\/a>, publicada en 1934, y que re\u00fane varios de sus relatos breves. Con <em>Poco sueldo<\/em> Rojas inaugura la oficina como espacio para la narrativa chilena, en la que instala las diferencias sociales extremas al describir magistralmente la confrontaci\u00f3n de funcionarios capitalinos con la miseria del pueblo.<\/p>\n<p style=\"text-align: justify;\"><em>Pancho Rojas<\/em> es uno de los \u00faltimos cuentos escrito por el autor, publicado en 1951 en la revista <em>Occidente<\/em> e integrado en su colecci\u00f3n titulada simplemente <a title=\"Cuentos - Cuentos\" href=\"http:\/\/www.manuelrojas.cl\/cuentos-libro\/\"><strong>Cuentos<\/strong><\/a>. La narraci\u00f3n es una profunda reflexi\u00f3n sobre la libertad a prop\u00f3sito de un queltehue que el escritor y su familia cuidan en el patio de su casa. <em>Pancho Rojas<\/em> destaca dentro de la serie de cuentos sobre p\u00e1jaros \u2013tales como <em>Mares libres<\/em> o <em>El ni\u00f1o y el choroy<\/em>\u2013, aves que Rojas am\u00f3 y conoci\u00f3, siendo para \u00e9l el s\u00edmbolo natural y vital de la libertad.<\/p>\n\n\n<hr \/>\n\n<h3>Poco sueldo - Le\u00eddo por el autor<\/h3>\n<b>Biblioteca Nacional<\/b>\u00a0\/ <em>1934<\/em><audio src=\"http:\/\/www.manuelrojas.cl\/wp-content\/uploads\/Manuel-Rojas-Poco-sueldo.mp3\"><\/audio>\n\n<hr \/>\n\n<h3>Pancho Rojas - Le\u00eddo por el autor<\/h3>\n<b>Biblioteca Nacional<\/b>\u00a0\/ <em>1951<\/em><audio src=\"http:\/\/www.manuelrojas.cl\/wp-content\/uploads\/Manuel-Rojas-Pancho-Rojas.mp3\"><\/audio>\n\n<hr \/>\n\n<h3>Atacame\u00f1o<\/h3>\n<strong>Trote<\/strong> \/ <em>Angel Parra y Manuel Rojas <\/em><audio src=\"http:\/\/www.manuelrojas.cl\/wp-content\/uploads\/audio\/atacameno_trote.mp3\"><\/audio>\n\n<hr \/>\n\n<h3>El hombre del Loa<\/h3>\n<strong>Lamento y Cachimbo<\/strong> \/ <em>Angel Parra y Manuel Rojas <\/em> <audio src=\"http:\/\/www.manuelrojas.cl\/wp-content\/uploads\/audio\/Manuel-Rojas-Angel-Parra-Chile-de-Arriba-a-Abajo-2.-Hombre-del-Loa-Lamento-y-cachimbo.mp3\"><\/audio>\n\n<hr \/>\n\n<h3>Salinas<\/h3>\n<strong>Tonada punteada<\/strong> \/ <em>Angel Parra y Manuel Rojas <\/em> <audio src=\"http:\/\/www.manuelrojas.cl\/wp-content\/uploads\/audio\/Manuel-Rojas-Angel-Parra-Chile-de-Arriba-a-Abajo-3.-Salinas-Tonada-punteada.mp3\"><\/audio>\n\n<hr \/>\n\n<h3>Viento en el Rupanco<\/h3>\n<strong>Parabi\u00e9n<\/strong> \/ <em>Angel Parra y Manuel Rojas <\/em> <audio src=\"http:\/\/www.manuelrojas.cl\/wp-content\/uploads\/audio\/Manuel-Rojas-Angel-Parra-Chile-de-Arriba-a-Abajo-4.-Viento-en-el-Rupanco-Estilo-parabien.mp3\"><\/audio>\n\n<hr \/>\n\n<h3>El canto de Chile<\/h3>\n<strong>Ritmo de cueca<\/strong> \/ <em>Angel Parra y Manuel Rojas <\/em> <audio src=\"http:\/\/www.manuelrojas.cl\/wp-content\/uploads\/audio\/Manuel-Rojas-Angel-Parra-Chile-de-Arriba-a-Abajo-5.-El-Canto-de-Chile-Cueca.mp3\"><\/audio>\n\n<hr \/>\n\n<h3>Chucao<\/h3>\n<strong>Canci\u00f3n<\/strong><b> \/ <\/b><em>Angel Parra y Manuel Rojas <\/em> <audio src=\"http:\/\/www.manuelrojas.cl\/wp-content\/uploads\/audio\/Manuel-Rojas-Angel-Parra-Chile-de-Arriba-a-Abajo-6.-Chucao-Cancion.mp3\"><\/audio>\n\n<hr \/>\n\n<h3>Puerto Ed\u00e9n<\/h3>\n<strong>Vals Pericona<\/strong> \/ <em>Angel Parra y Manuel Rojas <\/em> <audio src=\"http:\/\/www.manuelrojas.cl\/wp-content\/uploads\/audio\/Manuel-Rojas-Angel-Parra-Chile-de-Arriba-a-Abajo-7.-Puerto-Eden-Vals-pericona.mp3\"><\/audio>\n\n<hr \/>\n\n<h3>Lobero muerto<\/h3>\n<strong>Sirilla<\/strong> \/ <em>Angel Parra y Manuel Rojas <\/em> <audio src=\"http:\/\/www.manuelrojas.cl\/wp-content\/uploads\/audio\/Manuel-Rojas-Angel-Parra-Chile-de-Arriba-a-Abajo-8.-Lobero-Muerto-Estilo-sirilla.mp3\"><\/audio>\n\n\n<hr \/>\n\n<h3>Pancho Rojas<\/h3>\n<b>Manuel Rojas<\/b>\u00a0\/ 1968<em>\u00a0<\/em><audio src=\"http:\/\/www.manuelrojas.cl\/wp-content\/uploads\/Dos-cuentos-cinco-voces-Pancho-Rojas.mp3\"><\/audio>\n\n","_et_gb_content_width":"","footnotes":""},"class_list":["post-128","page","type-page","status-publish","has-post-thumbnail","hentry"],"_links":{"self":[{"href":"https:\/\/manuelrojas.cl\/index.php\/wp-json\/wp\/v2\/pages\/128","targetHints":{"allow":["GET"]}}],"collection":[{"href":"https:\/\/manuelrojas.cl\/index.php\/wp-json\/wp\/v2\/pages"}],"about":[{"href":"https:\/\/manuelrojas.cl\/index.php\/wp-json\/wp\/v2\/types\/page"}],"author":[{"embeddable":true,"href":"https:\/\/manuelrojas.cl\/index.php\/wp-json\/wp\/v2\/users\/1"}],"replies":[{"embeddable":true,"href":"https:\/\/manuelrojas.cl\/index.php\/wp-json\/wp\/v2\/comments?post=128"}],"version-history":[{"count":1,"href":"https:\/\/manuelrojas.cl\/index.php\/wp-json\/wp\/v2\/pages\/128\/revisions"}],"predecessor-version":[{"id":10030,"href":"https:\/\/manuelrojas.cl\/index.php\/wp-json\/wp\/v2\/pages\/128\/revisions\/10030"}],"up":[{"embeddable":true,"href":"https:\/\/manuelrojas.cl\/index.php\/wp-json\/wp\/v2\/pages\/7831"}],"wp:featuredmedia":[{"embeddable":true,"href":"https:\/\/manuelrojas.cl\/index.php\/wp-json\/"}],"wp:attachment":[{"href":"https:\/\/manuelrojas.cl\/index.php\/wp-json\/wp\/v2\/media?parent=128"}],"curies":[{"name":"wp","href":"https:\/\/api.w.org\/{rel}","templated":true}]}}