{"id":5018,"date":"2015-04-28T21:06:13","date_gmt":"2015-04-29T00:06:13","guid":{"rendered":"http:\/\/www.manuelrojas.cl\/?page_id=5018"},"modified":"2024-11-12T01:13:04","modified_gmt":"2024-11-12T01:13:04","slug":"hombres-del-sur","status":"publish","type":"page","link":"https:\/\/manuelrojas.cl\/index.php\/hombres-del-sur\/","title":{"rendered":"Hombres del sur"},"content":{"rendered":"<p>[et_pb_section fb_built=&#8221;1&#8243; _builder_version=&#8221;4.17.4&#8243; _module_preset=&#8221;default&#8221; background_color=&#8221;RGBA(255,255,255,0)&#8221; custom_margin=&#8221;0px||0px||false|false&#8221; custom_padding=&#8221;0px||0px||false|false&#8221; global_colors_info=&#8221;{}&#8221;][et_pb_row _builder_version=&#8221;4.17.4&#8243; _module_preset=&#8221;default&#8221; background_color=&#8221;#FFFFFF&#8221; max_width=&#8221;1277px&#8221; custom_margin=&#8221;0px||0px||false|false&#8221; custom_padding=&#8221;0px||0px||false|false&#8221; global_colors_info=&#8221;{}&#8221;][et_pb_column type=&#8221;4_4&#8243; _builder_version=&#8221;4.17.4&#8243; _module_preset=&#8221;default&#8221; global_colors_info=&#8221;{}&#8221;][et_pb_text _builder_version=&#8221;4.17.4&#8243; _module_preset=&#8221;default&#8221; text_font=&#8221;Alegreya||||||||&#8221; header_3_font=&#8221;Alegreya|600|||||||&#8221; header_3_text_color=&#8221;#005B84&#8243; custom_margin=&#8221;|20px|5px||false|false&#8221; custom_padding=&#8221;20px|20px|||false|false&#8221; border_width_bottom=&#8221;1px&#8221; border_color_bottom=&#8221;#cccccc&#8221; border_style_bottom=&#8221;dotted&#8221; border_width_left=&#8221;3px&#8221; border_color_left=&#8221;#005B84&#8243; global_colors_info=&#8221;{}&#8221;]<\/p>\n<h3>\u00a0 <span style=\"color: rgba(53, 53, 53, 0.63);\">Obra \/<\/span> <a href=\"https:\/\/manuelrojas.cl\/index.php\/obras_libro\/cuentos-libro\/\">Cuentos<\/a> \/ Hombres del sur<\/h3>\n<p>[\/et_pb_text][\/et_pb_column][\/et_pb_row][et_pb_row column_structure=&#8221;2_5,3_5&#8243; _builder_version=&#8221;4.17.4&#8243; _module_preset=&#8221;default&#8221; background_color=&#8221;#FFFFFF&#8221; background_image=&#8221;https:\/\/manuelrojas.cl\/wp-content\/uploads\/2023\/05\/com-spliter.png&#8221; background_size=&#8221;initial&#8221; background_repeat=&#8221;repeat&#8221; width_tablet=&#8221;90%&#8221; width_phone=&#8221;90%&#8221; width_last_edited=&#8221;on|phone&#8221; custom_padding=&#8221;|30px||30px|false|false&#8221; global_colors_info=&#8221;{}&#8221;][et_pb_column type=&#8221;2_5&#8243; _builder_version=&#8221;4.17.4&#8243; _module_preset=&#8221;default&#8221; global_colors_info=&#8221;{}&#8221;][et_pb_image src=&#8221;https:\/\/manuelrojas.cl\/wp-content\/uploads\/2023\/06\/manuelrojashombresdelsur1947711.jpg&#8221; title_text=&#8221;manuelrojashombresdelsur1947711&#8243; align=&#8221;center&#8221; _builder_version=&#8221;4.17.4&#8243; _module_preset=&#8221;default&#8221; width_tablet=&#8221;&#8221; width_phone=&#8221;auto&#8221; width_last_edited=&#8221;on|phone&#8221; max_width=&#8221;100%&#8221; max_width_tablet=&#8221;100%&#8221; max_width_phone=&#8221;&#8221; max_width_last_edited=&#8221;on|phone&#8221; height=&#8221;500px&#8221; height_tablet=&#8221;500px&#8221; height_phone=&#8221;&#8221; height_last_edited=&#8221;on|phone&#8221; max_height=&#8221;500px&#8221; max_height_tablet=&#8221;500px&#8221; max_height_phone=&#8221;&#8221; max_height_last_edited=&#8221;on|phone&#8221; border_radii=&#8221;on|3px|3px|3px|3px&#8221; border_width_all=&#8221;1px&#8221; border_color_all=&#8221;RGBA(48,48,48,0.77)&#8221; box_shadow_style=&#8221;preset1&#8243; box_shadow_blur=&#8221;5px&#8221; global_colors_info=&#8221;{}&#8221;][\/et_pb_image][et_pb_image src=&#8221;https:\/\/manuelrojas.cl\/wp-content\/uploads\/2023\/06\/Manuel-Rojas-Hombres-del-sur.jpeg&#8221; title_text=&#8221;Manuel-Rojas-Hombres-del-sur&#8221; align=&#8221;center&#8221; _builder_version=&#8221;4.17.4&#8243; _module_preset=&#8221;default&#8221; min_height_tablet=&#8221;&#8221; min_height_phone=&#8221;&#8221; min_height_last_edited=&#8221;on|phone&#8221; height_tablet=&#8221;500px&#8221; height_phone=&#8221;500px&#8221; height_last_edited=&#8221;off|desktop&#8221; max_height=&#8221;500px&#8221; max_height_tablet=&#8221;500px&#8221; max_height_phone=&#8221;&#8221; max_height_last_edited=&#8221;on|phone&#8221; hover_enabled=&#8221;0&#8243; border_radii=&#8221;on|3px|3px|3px|3px&#8221; border_width_all=&#8221;1px&#8221; border_color_all=&#8221;RGBA(48,48,48,0.77)&#8221; box_shadow_style=&#8221;preset1&#8243; box_shadow_blur=&#8221;5px&#8221; global_colors_info=&#8221;{}&#8221; url=&#8221;https:\/\/www.zigzag.cl\/9789561219038-hombres-del-sur.html&#8221; url_new_window=&#8221;on&#8221; sticky_enabled=&#8221;0&#8243;][\/et_pb_image][\/et_pb_column][et_pb_column type=&#8221;3_5&#8243; _builder_version=&#8221;4.17.4&#8243; _module_preset=&#8221;default&#8221; global_colors_info=&#8221;{}&#8221;][et_pb_text _builder_version=&#8221;4.17.4&#8243; _module_preset=&#8221;default&#8221; text_font=&#8221;Alegreya||||||||&#8221; text_font_size=&#8221;18px&#8221; text_line_height=&#8221;1.8em&#8221; background_color=&#8221;#FFFFFF&#8221; width_tablet=&#8221;&#8221; width_phone=&#8221;100%&#8221; width_last_edited=&#8221;on|phone&#8221; max_width_tablet=&#8221;&#8221; max_width_phone=&#8221;100%&#8221; max_width_last_edited=&#8221;on|phone&#8221; custom_padding=&#8221;10px|10px|10px|10px|false|false&#8221; hover_enabled=&#8221;0&#8243; text_font_tablet=&#8221;Alegreya||||||||&#8221; text_font_phone=&#8221;Alegreya||||||||&#8221; text_font_last_edited=&#8221;off|desktop&#8221; text_font_size_tablet=&#8221;17px&#8221; text_font_size_phone=&#8221;10px&#8221; text_font_size_last_edited=&#8221;on|phone&#8221; border_radii=&#8221;on|1px|1px|1px|1px&#8221; border_width_all=&#8221;1px&#8221; border_color_all=&#8221;RGBA(0,91,132,0.8)&#8221; border_style_all=&#8221;dotted&#8221; global_colors_info=&#8221;{}&#8221; sticky_enabled=&#8221;0&#8243;]<\/p>\n<div class=\"content clearfix\">\n<div class=\"content clearfix\">\n<p><strong>Primera edici\u00f3n: Ed. Nascimento &#8211; Santiago de Chile, 1926<br \/><a href=\"https:\/\/www.zigzag.cl\/9789561219038-hombres-del-sur.html\" target=\"_blank\" rel=\"noopener\" title=\"Cuentos - Hombres del sur\">\u00daltima edici\u00f3n: Editorial Zig-Zag &#8211; Santiago de Chile, 2019<\/a><\/strong><\/p>\n<p style=\"text-align: justify;\"><a title=\"Pr\u00f3logo de Ra\u00fal Silva Castro: Hombres del sur\" href=\"https:\/\/manuelrojas.cl\/wp-content\/uploads\/2023\/06\/Prologo-Raul-Silva-Castro-Hombres-del-sur.pdf\" target=\"_blank\" rel=\"noopener noreferrer\">Acceda al pr\u00f3logo de Ra\u00fal Silva Castro de 1926<\/a><\/p>\n<h2>Rese\u00f1a<\/h2>\n<p class=\"dropcap\" style=\"text-align: justify;\">Este primer volumen de cuentos, concentra, como si fuera una semilla, el entero proyecto literario de Manuel Rojas. Aparecen con claridad, en primer lugar, las lecturas que alimentan su prosa y forman el contexto de su escritura. Hablamos de la novela de aventuras al estilo de Emilio Salgari, como en <strong>\u00abEl hombre de los ojos azules\u00bb<\/strong> y <strong>\u00abEl cachorro\u00bb<\/strong>, de la prosa criollista af\u00edn a un Mariano Latorre, como en <strong>\u00abEl bonete maulino\u00bb<\/strong>, y de la narrativa del modernismo y la vanguardia, como en <strong>\u00abUn esp\u00edritu inquieto\u00bb<\/strong>.<\/p>\n<p style=\"text-align: justify;\"><strong>\u00abLaguna\u00bb<\/strong> es probablemente el texto m\u00e1s original de este conjunto, el m\u00e1s propio de Rojas, y hay que decir \u2013con sorpresa\u2013 que es tambi\u00e9n el m\u00e1s antiguo, pues fue publicado en 1922 como segundo premio en el peri\u00f3dico <em>La Monta\u00f1a<\/em> de Buenos Aires. Ese pobre joven argentino, tan parecido a Rojas, hallar\u00e1 en el \u00abroto fatal\u00bb, el chileno \u00abLaguna\u00bb, un compa\u00f1ero mayor de quien aprende la convivencia solidaria que debe existir entre los trabajadores, y a quien protege de su propia ineptitud. Es un texto entra\u00f1able que ensaya los materiales de los que est\u00e1n hechos <strong><a title=\"Novelas - Hijo de ladr\u00f3n\" href=\"https:\/\/manuelrojas.cl\/index.php\/hijo-de-ladron\/\" target=\"_blank\" rel=\"noopener\">Hijo de ladr\u00f3n<\/a><\/strong> y la tetralog\u00eda de Aniceto Hevia: una narraci\u00f3n autobiogr\u00e1fica centrada en los a\u00f1os de aprendizaje de un joven que disfruta y padece la libertad de quienes no tienen nada que perder.<\/p>\n<hr \/>\n<p style=\"text-align: justify;\"><strong>Hombres del sur<\/strong>, contiene un <a title=\"Pr\u00f3logo de Ra\u00fal Silva Castro: Hombres del sur\" href=\"https:\/\/manuelrojas.cl\/wp-content\/uploads\/2023\/06\/Prologo-Raul-Silva-Castro-Hombres-del-sur.pdf\" target=\"_blank\" rel=\"noopener noreferrer\">Pr\u00f3logo de Ra\u00fal Silva Castro<\/a> y los cuentos <i><strong>Laguna<\/strong><\/i>; <i><strong>Un esp\u00edritu inquieto<\/strong><\/i>; <i><strong>El cachorro<\/strong><\/i>; <i><strong>El bonete maulino<\/strong><\/i> y <i><strong>Leyendas de la Patagonia<\/strong><\/i>. En las ediciones posteriores este \u00faltimo cuento se llamar\u00e1 <i><strong>El hombre de los ojos azules<\/strong><\/i>.<\/p>\n<p>&nbsp;<\/p>\n<\/div>\n<\/div>\n<p>[\/et_pb_text][\/et_pb_column][\/et_pb_row][\/et_pb_section]<\/p>\n","protected":false},"excerpt":{"rendered":"<p>\u00a0 Obra \/ Cuentos \/ Hombres del sur Primera edici\u00f3n: Ed. Nascimento &#8211; Santiago de Chile, 1926\u00daltima edici\u00f3n: Editorial Zig-Zag &#8211; Santiago de Chile, 2019 Acceda al pr\u00f3logo de Ra\u00fal Silva Castro de 1926 Rese\u00f1a Este primer volumen de cuentos, concentra, como si fuera una semilla, el entero proyecto literario de Manuel Rojas. Aparecen con [&hellip;]<\/p>\n","protected":false},"author":1,"featured_media":7090,"parent":0,"menu_order":0,"comment_status":"closed","ping_status":"closed","template":"","meta":{"_et_pb_use_builder":"on","_et_pb_old_content":"[tabby title=\"Libro y Rese\u00f1a\"]\n<table class=\"table\">\n<tbody>\n<tr>\n<td style=\"text-align: left; vertical-align: top;\"><strong><a href=\"http:\/\/www.manuelrojas.cl\/wp-content\/uploads\/manuelrojashombresdelsur1947711.jpg\" rel=\"attachment wp-att-5021\"><img class=\"margin-top: 5px;margin-bottom: 5px;margin-right: 5px;margin-left: 5px; alignleft wp-image-5557\" src=\"http:\/\/www.manuelrojas.cl\/wp-content\/uploads\/manuelrojashombresdelsur1947711.jpg\" alt=\"\" width=\"150\" height=\"225\"><\/a><\/strong><\/td>\n<td style=\"vertical-align: top;\" rowspan=\"2\"><strong> Primera edici\u00f3n:<\/strong> Ed. Nascimento - Santiago de Chile, 1926\n<strong>\u00daltima edici\u00f3n:<\/strong> Editorial Zig-Zag - Santiago de Chile, 2019\n<p style=\"text-align: justify;\"><a title=\"Pr\u00f3logo de Ra\u00fal Silva Castro: Hombres del sur\" href=\"http:\/\/www.manuelrojas.cl\/wp-content\/uploads\/Prologo-Raul-Silva-Castro-Hombres-del-sur.pdf\" target=\"_blank\" rel=\"noopener noreferrer\">Acceda al pr\u00f3logo de Ra\u00fal Silva Castro de 1926<\/a><\/p>\n\n<h2>Rese\u00f1a<\/h2>\n<p class=\"dropcap\" style=\"text-align: justify;\">Este primer volumen de cuentos, concentra, como si fuera una semilla, el entero proyecto literario de Manuel Rojas. Aparecen con claridad, en primer lugar, las lecturas que alimentan su prosa y forman el contexto de su escritura. Hablamos de la novela de aventuras al estilo de Emilio Salgari, como en <strong>\u00abEl hombre de los ojos azules\u00bb<\/strong> y <strong>\u00abEl cachorro\u00bb<\/strong>, de la prosa criollista af\u00edn a un Mariano Latorre, como en <strong>\u00abEl bonete maulino\u00bb<\/strong>, y de la narrativa del modernismo y la vanguardia, como en <strong>\u00abUn esp\u00edritu inquieto\u00bb<\/strong>.<\/p>\n<p style=\"text-align: justify;\"><strong>\u00abLaguna\u00bb<\/strong> es probablemente el texto m\u00e1s original de este conjunto, el m\u00e1s propio de Rojas, y hay que decir \u2013con sorpresa\u2013 que es tambi\u00e9n el m\u00e1s antiguo, pues fue publicado en 1922 como segundo premio en el peri\u00f3dico <em>La Monta\u00f1a<\/em> de Buenos Aires. Ese pobre joven argentino, tan parecido a Rojas, hallar\u00e1 en el \u00abroto fatal\u00bb, el chileno \u00abLaguna\u00bb, un compa\u00f1ero mayor de quien aprende la convivencia solidaria que debe existir entre los trabajadores, y a quien protege de su propia ineptitud. Es un texto entra\u00f1able que ensaya los materiales de los que est\u00e1n hechos <strong><a title=\"Novelas - Hijo de ladr\u00f3n\" href=\"http:\/\/www.manuelrojas.cl\/hijo-de-ladron\/?lang=es\">Hijo de ladr\u00f3n<\/a><\/strong> y la tetralog\u00eda de Aniceto Hevia: una narraci\u00f3n autobiogr\u00e1fica centrada en los a\u00f1os de aprendizaje de un joven que disfruta y padece la libertad de quienes no tienen nada que perder.<\/p>\n\n\n<hr>\n<p style=\"text-align: justify;\"><strong>Hombres del sur<\/strong>, contiene un <a title=\"Pr\u00f3logo de Ra\u00fal Silva Castro: Hombres del sur\" href=\"http:\/\/www.manuelrojas.cl\/wp-content\/uploads\/Prologo-Raul-Silva-Castro-Hombres-del-sur.pdf\" target=\"_blank\" rel=\"noopener noreferrer\">Pr\u00f3logo de Ra\u00fal Silva Castro<\/a> y los cuentos <i><strong>Laguna<\/strong><\/i>; <i><strong>Un esp\u00edritu inquieto<\/strong><\/i>; <i><strong>El cachorro<\/strong><\/i>; <i><strong>El bonete maulino<\/strong><\/i> y <i><strong>Leyendas de la Patagonia<\/strong><\/i>. En las ediciones posteriores este \u00faltimo cuento se llamar\u00e1 <i><strong>El hombre de los ojos azules<\/strong><\/i>.<\/p>\n<\/td>\n<\/tr>\n<tr>\n<td style=\"text-align: left; vertical-align: top;\"><a href=\"http:\/\/www.manuelrojas.cl\/wp-content\/uploads\/Manuel-Rojas-Hombres-del-sur.jpeg\" rel=\"attachment wp-att-5022\"><img class=\"margin-top: 5px;margin-bottom: 5px;margin-right: 5px;margin-left: 5px; alignleft wp-image-5558\" src=\"http:\/\/www.manuelrojas.cl\/wp-content\/uploads\/Manuel-Rojas-Hombres-del-sur.jpeg\" alt=\"\" width=\"150\" height=\"225\"><\/a><\/td>\n<\/tr>\n<\/tbody>\n<\/table>\n[tabbyending]","_et_gb_content_width":"","footnotes":""},"class_list":["post-5018","page","type-page","status-publish","has-post-thumbnail","hentry"],"_links":{"self":[{"href":"https:\/\/manuelrojas.cl\/index.php\/wp-json\/wp\/v2\/pages\/5018","targetHints":{"allow":["GET"]}}],"collection":[{"href":"https:\/\/manuelrojas.cl\/index.php\/wp-json\/wp\/v2\/pages"}],"about":[{"href":"https:\/\/manuelrojas.cl\/index.php\/wp-json\/wp\/v2\/types\/page"}],"author":[{"embeddable":true,"href":"https:\/\/manuelrojas.cl\/index.php\/wp-json\/wp\/v2\/users\/1"}],"replies":[{"embeddable":true,"href":"https:\/\/manuelrojas.cl\/index.php\/wp-json\/wp\/v2\/comments?post=5018"}],"version-history":[{"count":8,"href":"https:\/\/manuelrojas.cl\/index.php\/wp-json\/wp\/v2\/pages\/5018\/revisions"}],"predecessor-version":[{"id":11562,"href":"https:\/\/manuelrojas.cl\/index.php\/wp-json\/wp\/v2\/pages\/5018\/revisions\/11562"}],"wp:featuredmedia":[{"embeddable":true,"href":"https:\/\/manuelrojas.cl\/index.php\/wp-json\/"}],"wp:attachment":[{"href":"https:\/\/manuelrojas.cl\/index.php\/wp-json\/wp\/v2\/media?parent=5018"}],"curies":[{"name":"wp","href":"https:\/\/api.w.org\/{rel}","templated":true}]}}