{"id":5099,"date":"2015-04-30T00:09:25","date_gmt":"2015-04-30T00:09:25","guid":{"rendered":"http:\/\/www.manuelrojas.cl\/?page_id=5099"},"modified":"2025-07-07T21:47:15","modified_gmt":"2025-07-07T21:47:15","slug":"imagenes-de-infancia-y-adolescencia","status":"publish","type":"page","link":"https:\/\/manuelrojas.cl\/index.php\/imagenes-de-infancia-y-adolescencia\/","title":{"rendered":"Im\u00e1genes de infancia y adolescencia"},"content":{"rendered":"<p>[et_pb_section fb_built=&#8221;1&#8243; _builder_version=&#8221;4.17.4&#8243; _module_preset=&#8221;default&#8221; background_color=&#8221;RGBA(255,255,255,0)&#8221; custom_margin=&#8221;0px||0px||false|false&#8221; custom_padding=&#8221;0px||0px||false|false&#8221; global_colors_info=&#8221;{}&#8221;][et_pb_row _builder_version=&#8221;4.17.4&#8243; _module_preset=&#8221;default&#8221; background_color=&#8221;#FFFFFF&#8221; max_width=&#8221;1277px&#8221; custom_margin=&#8221;0px||0px||false|false&#8221; custom_padding=&#8221;0px||0px||false|false&#8221; global_colors_info=&#8221;{}&#8221;][et_pb_column type=&#8221;4_4&#8243; _builder_version=&#8221;4.17.4&#8243; _module_preset=&#8221;default&#8221; global_colors_info=&#8221;{}&#8221;][et_pb_text _builder_version=&#8221;4.17.4&#8243; _module_preset=&#8221;default&#8221; text_font=&#8221;Alegreya||||||||&#8221; header_3_font=&#8221;Alegreya|600|||||||&#8221; header_3_text_color=&#8221;#005B84&#8243; custom_margin=&#8221;|20px|5px||false|false&#8221; custom_padding=&#8221;20px|20px|||false|false&#8221; border_width_bottom=&#8221;1px&#8221; border_color_bottom=&#8221;#cccccc&#8221; border_style_bottom=&#8221;dotted&#8221; border_width_left=&#8221;3px&#8221; border_color_left=&#8221;#005B84&#8243; global_colors_info=&#8221;{}&#8221;]<\/p>\n<h3>\u00a0 <span style=\"color: rgba(53, 53, 53, 0.63);\">Obra \/<\/span> <a href=\"https:\/\/manuelrojas.cl\/index.php\/manuel-rojas\/obra\/autobiografias_viajes\/\">Autobiograf\u00edas &amp; Viajes<\/a> \/ Im\u00e1genes de infancia y adolescencia<\/h3>\n<p>[\/et_pb_text][\/et_pb_column][\/et_pb_row][et_pb_row column_structure=&#8221;2_5,3_5&#8243; _builder_version=&#8221;4.17.4&#8243; _module_preset=&#8221;default&#8221; background_color=&#8221;#FFFFFF&#8221; background_image=&#8221;https:\/\/manuelrojas.cl\/wp-content\/uploads\/2023\/05\/com-spliter.png&#8221; background_size=&#8221;initial&#8221; background_repeat=&#8221;repeat&#8221; custom_padding=&#8221;|30px||30px|false|false&#8221; global_colors_info=&#8221;{}&#8221;][et_pb_column type=&#8221;2_5&#8243; _builder_version=&#8221;4.17.4&#8243; _module_preset=&#8221;default&#8221; global_colors_info=&#8221;{}&#8221;][et_pb_image src=&#8221;https:\/\/manuelrojas.cl\/wp-content\/uploads\/2023\/07\/manuelrojasimagenesdeinfancia.jpg&#8221; title_text=&#8221;manuelrojasimagenesdeinfancia&#8221; align=&#8221;center&#8221; _builder_version=&#8221;4.17.4&#8243; _module_preset=&#8221;default&#8221; height=&#8221;500px&#8221; height_tablet=&#8221;500px&#8221; height_phone=&#8221;500px&#8221; height_last_edited=&#8221;on|phone&#8221; max_height=&#8221;500px&#8221; max_height_tablet=&#8221;500px&#8221; max_height_phone=&#8221;500px&#8221; max_height_last_edited=&#8221;on|phone&#8221; hover_enabled=&#8221;0&#8243; border_radii=&#8221;on|3px|3px|3px|3px&#8221; border_width_all=&#8221;1px&#8221; border_color_all=&#8221;RGBA(48,48,48,0.77)&#8221; box_shadow_style=&#8221;preset1&#8243; box_shadow_blur=&#8221;5px&#8221; global_colors_info=&#8221;{}&#8221; sticky_enabled=&#8221;0&#8243;][\/et_pb_image][et_pb_image src=&#8221;https:\/\/manuelrojas.cl\/wp-content\/uploads\/2025\/07\/Manuel-Rojas-Imagenes-de-infancia-y-adolescencia.png&#8221; title_text=&#8221;Manuel Rojas &#8211; Imagenes de infancia y adolescencia&#8221; align=&#8221;center&#8221; _builder_version=&#8221;4.17.4&#8243; _module_preset=&#8221;default&#8221; width=&#8221;100%&#8221; height=&#8221;257px&#8221; max_height=&#8221;230px&#8221; hover_enabled=&#8221;0&#8243; border_radii=&#8221;on|3px|3px|3px|3px&#8221; border_width_all=&#8221;1px&#8221; border_color_all=&#8221;RGBA(48,48,48,0.77)&#8221; box_shadow_style=&#8221;preset1&#8243; box_shadow_blur=&#8221;5px&#8221; global_colors_info=&#8221;{}&#8221; sticky_enabled=&#8221;0&#8243;][\/et_pb_image][\/et_pb_column][et_pb_column type=&#8221;3_5&#8243; _builder_version=&#8221;4.17.4&#8243; _module_preset=&#8221;default&#8221; global_colors_info=&#8221;{}&#8221;][et_pb_text _builder_version=&#8221;4.17.4&#8243; _module_preset=&#8221;default&#8221; text_font=&#8221;Alegreya||||||||&#8221; text_font_size=&#8221;18px&#8221; text_line_height=&#8221;1.8em&#8221; background_color=&#8221;#FFFFFF&#8221; width_tablet=&#8221;&#8221; width_phone=&#8221;&#8221; width_last_edited=&#8221;on|phone&#8221; max_width_tablet=&#8221;&#8221; max_width_phone=&#8221;&#8221; max_width_last_edited=&#8221;on|phone&#8221; custom_padding=&#8221;10px|10px|10px|10px|false|false&#8221; text_font_tablet=&#8221;Alegreya||||||||&#8221; text_font_phone=&#8221;Alegreya||||||||&#8221; text_font_last_edited=&#8221;off|desktop&#8221; text_font_size_tablet=&#8221;17px&#8221; text_font_size_phone=&#8221;10px&#8221; text_font_size_last_edited=&#8221;on|phone&#8221; border_radii=&#8221;on|1px|1px|1px|1px&#8221; border_width_all=&#8221;1px&#8221; border_color_all=&#8221;RGBA(0,91,132,0.8)&#8221; border_style_all=&#8221;dotted&#8221; global_colors_info=&#8221;{}&#8221;]<\/p>\n<div class=\"content clearfix\">\n<div class=\"content clearfix\">\n<p><strong>Primera edici\u00f3n:<\/strong> Babel &#8211; Santiago de Chile, 1955<br \/><strong>\u00daltima edici\u00f3n:<\/strong>\u00a0Tajamar\u00a0Editores &#8211; Santiago de Chile, 2016<\/p>\n<h2>Rese\u00f1a<\/h2>\n<p class=\"dropcap\" style=\"text-align: justify;\">Manuel Rojas atesor\u00f3 desde los a\u00f1os 30 el proyecto de escribir sus memorias de infancia y juventud. Las primeras aproximaciones a estos recuerdos son los textos <i><strong>\u00abIm\u00e1genes de Buenos Aires: Barrio Boedo\u00bb<\/strong><\/i> e <i><strong>\u00abIm\u00e1genes de Santiago: El ni\u00f1o y el tranv\u00eda\u00bb<\/strong><\/i>, este \u00faltimo es un art\u00edculo pr\u00e1cticamente desconocido que apareci\u00f3 en el peri\u00f3dico <i>C\u00e9lula<\/i> de Santiago, en 1932. Su primer libro de memorias se titula simplemente <strong>Im\u00e1genes de infancia<\/strong> y es publicado por <em>Babel<\/em> en 1955. En \u00e9l recopila y revisa, adem\u00e1s de los art\u00edculos ya mencionados, una serie titulada <i><strong>\u00abDesde el principio\u00bb<\/strong><\/i> aparecida en la <em>Revista Ercilla<\/em>.<\/p>\n<p style=\"text-align: justify;\">La infancia de Rojas es una ni\u00f1ez de barrios perif\u00e9ricos y en ocasiones marginales, con vecindario de obreros emigrantes y disidentes en Buenos Aires y Rosario, de prost\u00edbulos y conventillos en Santiago, que nos habla claramente de a\u00f1os duros, superados por un joven tenaz y esforzado. Leyendo estas memorias resulta muy esclarecedor enterarse de c\u00f3mo, a trav\u00e9s del adiestramiento de la atenta mirada infantil, va surgiendo la observaci\u00f3n de un futuro escritor sensible y conocedor de la naturaleza humana con sus diversos matices. Esa manera de observar el entorno, detenida y minuciosa, se inicia en el aprendizaje callejero: <i>\u00ablo extraordinario estaba en la calle <\/i>\u2013se\u00f1ala Rojas\u2013 <i>en las cantinas y en los conventillos del barrio\u2026\u00bb<\/i>. Por sobre el paisaje, su mirada se queda en los personajes que luego retratar\u00e1 en sus relatos.<\/p>\n<p style=\"text-align: justify;\"><strong>Im\u00e1genes de infancia y adolescencia<\/strong> es un libro p\u00f3stumo, editado al cumplirse 10 a\u00f1os de la muerte de su autor. En este texto Manuel Rojas trabaj\u00f3 hasta poco antes de su muerte, ampliando y completando el anterior, que cronol\u00f3gicamente conclu\u00eda a mediados de 1910, momento en que el autor y su madre deciden viajar desde la ciudad de Rosario a Mendoza. En este \u00faltimo libro Rojas agrega sus vivencias en la fronteriza Mendoza, donde entabla amistad con obreros anarquistas que lo introducen en el ideario libertario. Comienza a leer libros de poes\u00eda que le revelan un mundo literario desconocido para \u00e9l. Destaca tambi\u00e9n su experiencia como obrero en la Cordillera de los Andes y su posterior traves\u00eda a pie hasta llegar a Santiago, en abril de 1912.<\/p>\n<hr \/>\n<p style=\"text-align: justify;\">La \u00faltima edici\u00f3n de Tajamar de <strong>Im\u00e1genes de infancia y adolescencia<\/strong>\u00a0contiene un Pr\u00f3logo de Jorge Guerra C., ademas de textos y fotograf\u00edas in\u00e9ditas que no se hab\u00edan incluido en las ediciones anteriores.<\/p>\n<\/div>\n<\/div>\n<p>[\/et_pb_text][\/et_pb_column][\/et_pb_row][\/et_pb_section]<\/p>\n","protected":false},"excerpt":{"rendered":"<p>\u00a0 Obra \/ Autobiograf\u00edas &amp; Viajes \/ Im\u00e1genes de infancia y adolescencia Primera edici\u00f3n: Babel &#8211; Santiago de Chile, 1955\u00daltima edici\u00f3n:\u00a0Tajamar\u00a0Editores &#8211; Santiago de Chile, 2016 Rese\u00f1a Manuel Rojas atesor\u00f3 desde los a\u00f1os 30 el proyecto de escribir sus memorias de infancia y juventud. Las primeras aproximaciones a estos recuerdos son los textos \u00abIm\u00e1genes de [&hellip;]<\/p>\n","protected":false},"author":1,"featured_media":6343,"parent":0,"menu_order":0,"comment_status":"closed","ping_status":"closed","template":"","meta":{"_et_pb_use_builder":"on","_et_pb_old_content":"[tabby title=\"Libro y Rese\u00f1a\"]\n<table class=\"table\">\n<tbody>\n<tr>\n<td style=\"text-align: left; vertical-align: top;\"><strong><a href=\"http:\/\/www.manuelrojas.cl\/wp-content\/uploads\/manuelrojasimagenesdeinfancia.jpg\" rel=\"attachment wp-att-4411\"><img class=\"alignleft wp-image-4411\" src=\"http:\/\/www.manuelrojas.cl\/wp-content\/uploads\/manuelrojasimagenesdeinfancia.jpg\" alt=\"manuelrojasimagenesdeinfancia\" width=\"150\" height=\"225\"><\/a><\/strong><\/td>\n<td style=\"vertical-align: top;\" rowspan=\"2\"><strong>Primera edici\u00f3n:<\/strong> Babel - Santiago de Chile, 1955\n<strong>\u00daltima edici\u00f3n:<\/strong>&nbsp;Tajamar&nbsp;Editores - Santiago de Chile, 2016\n<h2>Rese\u00f1a<\/h2>\n<p class=\"dropcap\" style=\"text-align: justify;\">Manuel Rojas atesor\u00f3 desde los a\u00f1os 30 el proyecto de escribir sus memorias de infancia y juventud. Las primeras aproximaciones a estos recuerdos son los textos <i><strong>\u00abIm\u00e1genes de Buenos Aires: Barrio Boedo\u00bb<\/strong><\/i> e <i><strong>\u00abIm\u00e1genes de Santiago: El ni\u00f1o y el tranv\u00eda\u00bb<\/strong><\/i>, este \u00faltimo es un art\u00edculo pr\u00e1cticamente desconocido que apareci\u00f3 en el peri\u00f3dico <i>C\u00e9lula<\/i> de Santiago, en 1932. Su primer libro de memorias se titula simplemente <strong>Im\u00e1genes de infancia<\/strong> y es publicado por <em>Babel<\/em> en 1955. En \u00e9l recopila y revisa, adem\u00e1s de los art\u00edculos ya mencionados, una serie titulada <i><strong>\u00abDesde el principio\u00bb<\/strong><\/i> aparecida en la <em>Revista Ercilla<\/em>.<\/p>\n<p style=\"text-align: justify;\">La infancia de Rojas es una ni\u00f1ez de barrios perif\u00e9ricos y en ocasiones marginales, con vecindario de obreros emigrantes y disidentes en Buenos Aires y Rosario, de prost\u00edbulos y conventillos en Santiago, que nos habla claramente de a\u00f1os duros, superados por un joven tenaz y esforzado. Leyendo estas memorias resulta muy esclarecedor enterarse de c\u00f3mo, a trav\u00e9s del adiestramiento de la atenta mirada infantil, va surgiendo la observaci\u00f3n de un futuro escritor sensible y conocedor de la naturaleza humana con sus diversos matices. Esa manera de observar el entorno, detenida y minuciosa, se inicia en el aprendizaje callejero: <i>\u00ablo extraordinario estaba en la calle <\/i>\u2013se\u00f1ala Rojas\u2013 <i>en las cantinas y en los conventillos del barrio\u2026\u00bb<\/i>. Por sobre el paisaje, su mirada se queda en los personajes que luego retratar\u00e1 en sus relatos.<\/p>\n<p style=\"text-align: justify;\"><strong>Im\u00e1genes de infancia y adolescencia<\/strong> es un libro p\u00f3stumo, editado al cumplirse 10 a\u00f1os de la muerte de su autor. En este texto Manuel Rojas trabaj\u00f3 hasta poco antes de su muerte, ampliando y completando el anterior, que cronol\u00f3gicamente conclu\u00eda a mediados de 1910, momento en que el autor y su madre deciden viajar desde la ciudad de Rosario a Mendoza. En este \u00faltimo libro Rojas agrega sus vivencias en la fronteriza Mendoza, donde entabla amistad con obreros anarquistas que lo introducen en el ideario libertario. Comienza a leer libros de poes\u00eda que le revelan un mundo literario desconocido para \u00e9l. Destaca tambi\u00e9n su experiencia como obrero en la Cordillera de los Andes y su posterior traves\u00eda a pie hasta llegar a Santiago, en abril de 1912.<\/p>\n\n\n<hr>\n<p style=\"text-align: justify;\">La \u00faltima edici\u00f3n de Tajamar de <strong>Im\u00e1genes de infancia y adolescencia<\/strong>&nbsp;contiene un Pr\u00f3logo de Jorge Guerra C., ademas de textos y fotograf\u00edas in\u00e9ditas que no se hab\u00edan incluido en las ediciones anteriores.<\/p>\n<\/td>\n<\/tr>\n<tr>\n<td style=\"text-align: left; vertical-align: top;\">&nbsp;<a href=\"http:\/\/www.manuelrojas.cl\/wp-content\/uploads\/Manuel-Rojas-Imagenes-de-infancia-y-adolescencia-P.jpg\" rel=\"attachment wp-att-5101\"><img class=\"alignleft wp-image-6343 size-full\" src=\"http:\/\/www.manuelrojas.cl\/wp-content\/uploads\/Manuel-Rojas-Imagenes-de-infancia-y-adolescencia-P.jpg\" alt=\"\" width=\"150\" height=\"225\"><\/a><\/td>\n<\/tr>\n<\/tbody>\n<\/table>\n[tabbyending]","_et_gb_content_width":"","footnotes":""},"class_list":["post-5099","page","type-page","status-publish","has-post-thumbnail","hentry"],"_links":{"self":[{"href":"https:\/\/manuelrojas.cl\/index.php\/wp-json\/wp\/v2\/pages\/5099","targetHints":{"allow":["GET"]}}],"collection":[{"href":"https:\/\/manuelrojas.cl\/index.php\/wp-json\/wp\/v2\/pages"}],"about":[{"href":"https:\/\/manuelrojas.cl\/index.php\/wp-json\/wp\/v2\/types\/page"}],"author":[{"embeddable":true,"href":"https:\/\/manuelrojas.cl\/index.php\/wp-json\/wp\/v2\/users\/1"}],"replies":[{"embeddable":true,"href":"https:\/\/manuelrojas.cl\/index.php\/wp-json\/wp\/v2\/comments?post=5099"}],"version-history":[{"count":8,"href":"https:\/\/manuelrojas.cl\/index.php\/wp-json\/wp\/v2\/pages\/5099\/revisions"}],"predecessor-version":[{"id":11918,"href":"https:\/\/manuelrojas.cl\/index.php\/wp-json\/wp\/v2\/pages\/5099\/revisions\/11918"}],"wp:featuredmedia":[{"embeddable":true,"href":"https:\/\/manuelrojas.cl\/index.php\/wp-json\/"}],"wp:attachment":[{"href":"https:\/\/manuelrojas.cl\/index.php\/wp-json\/wp\/v2\/media?parent=5099"}],"curies":[{"name":"wp","href":"https:\/\/api.w.org\/{rel}","templated":true}]}}