{"id":5245,"date":"2015-05-04T23:03:26","date_gmt":"2015-05-04T23:03:26","guid":{"rendered":"http:\/\/www.manuelrojas.cl\/?page_id=5245"},"modified":"2025-07-07T14:58:33","modified_gmt":"2025-07-07T14:58:33","slug":"hijo-de-ladron","status":"publish","type":"page","link":"https:\/\/manuelrojas.cl\/index.php\/hijo-de-ladron\/","title":{"rendered":"Hijo de ladr\u00f3n"},"content":{"rendered":"<p>[et_pb_section fb_built=&#8221;1&#8243; _builder_version=&#8221;4.17.4&#8243; _module_preset=&#8221;default&#8221; background_color=&#8221;RGBA(255,255,255,0)&#8221; custom_margin=&#8221;0px||0px||false|false&#8221; custom_padding=&#8221;0px||0px||false|false&#8221; global_colors_info=&#8221;{}&#8221;][et_pb_row _builder_version=&#8221;4.17.4&#8243; _module_preset=&#8221;default&#8221; background_color=&#8221;#FFFFFF&#8221; max_width=&#8221;1277px&#8221; custom_margin=&#8221;0px||0px||false|false&#8221; custom_padding=&#8221;0px||0px||false|false&#8221; global_colors_info=&#8221;{}&#8221;][et_pb_column type=&#8221;4_4&#8243; _builder_version=&#8221;4.17.4&#8243; _module_preset=&#8221;default&#8221; global_colors_info=&#8221;{}&#8221;][et_pb_text _builder_version=&#8221;4.17.4&#8243; _module_preset=&#8221;default&#8221; text_font=&#8221;Alegreya||||||||&#8221; header_3_font=&#8221;Alegreya|600|||||||&#8221; header_3_text_color=&#8221;#005B84&#8243; custom_margin=&#8221;|20px|5px||false|false&#8221; custom_padding=&#8221;20px|20px|||false|false&#8221; border_width_bottom=&#8221;1px&#8221; border_color_bottom=&#8221;#cccccc&#8221; border_style_bottom=&#8221;dotted&#8221; border_width_left=&#8221;3px&#8221; border_color_left=&#8221;#005B84&#8243; global_colors_info=&#8221;{}&#8221;]<\/p>\n<h3>\u00a0 <span style=\"color: rgba(53, 53, 53, 0.63);\">Obra \/<\/span> <a href=\"https:\/\/manuelrojas.cl\/index.php\/novelas\/\">Novelas<\/a> \/ Hijo de ladr\u00f3n<\/h3>\n<p>[\/et_pb_text][\/et_pb_column][\/et_pb_row][et_pb_row column_structure=&#8221;2_5,3_5&#8243; _builder_version=&#8221;4.17.4&#8243; _module_preset=&#8221;default&#8221; background_color=&#8221;#FFFFFF&#8221; background_image=&#8221;https:\/\/manuelrojas.cl\/wp-content\/uploads\/2023\/05\/com-spliter.png&#8221; background_size=&#8221;initial&#8221; background_repeat=&#8221;repeat&#8221; width_tablet=&#8221;&#8221; width_phone=&#8221;90%&#8221; width_last_edited=&#8221;on|phone&#8221; max_width_tablet=&#8221;&#8221; max_width_phone=&#8221;&#8221; max_width_last_edited=&#8221;on|desktop&#8221; custom_padding=&#8221;|30px||30px|false|false&#8221; global_colors_info=&#8221;{}&#8221;][et_pb_column type=&#8221;2_5&#8243; _builder_version=&#8221;4.17.4&#8243; _module_preset=&#8221;default&#8221; global_colors_info=&#8221;{}&#8221;][et_pb_image src=&#8221;https:\/\/manuelrojas.cl\/wp-content\/uploads\/2023\/06\/1361657809_magicfields_imagen_portada_traduccion_1_1-1.png&#8221; title_text=&#8221;1361657809_magicfields_imagen_portada_traduccion_1_1&#8243; align=&#8221;center&#8221; _builder_version=&#8221;4.17.4&#8243; _module_preset=&#8221;default&#8221; height=&#8221;500px&#8221; height_tablet=&#8221;500px&#8221; height_phone=&#8221;auto&#8221; height_last_edited=&#8221;on|phone&#8221; max_height=&#8221;500px&#8221; max_height_tablet=&#8221;500px&#8221; max_height_phone=&#8221;&#8221; max_height_last_edited=&#8221;on|phone&#8221; border_radii=&#8221;on|3px|3px|3px|3px&#8221; border_width_all=&#8221;1px&#8221; border_color_all=&#8221;RGBA(48,48,48,0.77)&#8221; box_shadow_style=&#8221;preset1&#8243; box_shadow_blur=&#8221;5px&#8221; global_colors_info=&#8221;{}&#8221;][\/et_pb_image][et_pb_image src=&#8221;https:\/\/manuelrojas.cl\/wp-content\/uploads\/2025\/07\/Manuel-Rojas-Hijo-de-ladron-Debolsillo.png&#8221; title_text=&#8221;Manuel Rojas &#8211; Hijo de ladro\u0301n (Debolsillo)&#8221; url=&#8221;https:\/\/www.penguinlibros.com\/cl\/tematicas\/384995-libro-hijo-de-ladron-edicion-escolar-9789563256901&#8243; url_new_window=&#8221;on&#8221; align=&#8221;center&#8221; _builder_version=&#8221;4.17.4&#8243; _module_preset=&#8221;default&#8221; height=&#8221;500px&#8221; height_tablet=&#8221;500px&#8221; height_phone=&#8221;auto&#8221; height_last_edited=&#8221;on|phone&#8221; max_height=&#8221;500px&#8221; max_height_tablet=&#8221;500px&#8221; max_height_phone=&#8221;&#8221; max_height_last_edited=&#8221;on|phone&#8221; hover_enabled=&#8221;0&#8243; border_radii=&#8221;on|3px|3px|3px|3px&#8221; border_width_all=&#8221;1px&#8221; border_color_all=&#8221;RGBA(48,48,48,0.77)&#8221; box_shadow_style=&#8221;preset1&#8243; box_shadow_blur=&#8221;5px&#8221; global_colors_info=&#8221;{}&#8221; sticky_enabled=&#8221;0&#8243;][\/et_pb_image][\/et_pb_column][et_pb_column type=&#8221;3_5&#8243; _builder_version=&#8221;4.17.4&#8243; _module_preset=&#8221;default&#8221; global_colors_info=&#8221;{}&#8221;][et_pb_text _builder_version=&#8221;4.17.4&#8243; _module_preset=&#8221;default&#8221; text_font=&#8221;Alegreya||||||||&#8221; text_font_size=&#8221;18px&#8221; text_line_height=&#8221;1.8em&#8221; background_color=&#8221;#FFFFFF&#8221; width_tablet=&#8221;&#8221; width_phone=&#8221;&#8221; width_last_edited=&#8221;on|phone&#8221; max_width_tablet=&#8221;&#8221; max_width_phone=&#8221;&#8221; max_width_last_edited=&#8221;on|phone&#8221; custom_padding=&#8221;10px|10px|10px|10px|false|false&#8221; hover_enabled=&#8221;0&#8243; text_font_tablet=&#8221;Alegreya||||||||&#8221; text_font_phone=&#8221;Alegreya||||||||&#8221; text_font_last_edited=&#8221;off|desktop&#8221; text_font_size_tablet=&#8221;17px&#8221; text_font_size_phone=&#8221;10px&#8221; text_font_size_last_edited=&#8221;on|phone&#8221; border_radii=&#8221;on|1px|1px|1px|1px&#8221; border_width_all=&#8221;1px&#8221; border_color_all=&#8221;RGBA(0,91,132,0.8)&#8221; border_style_all=&#8221;dotted&#8221; global_colors_info=&#8221;{}&#8221; sticky_enabled=&#8221;0&#8243;]<\/p>\n<div class=\"content clearfix\">\n<div class=\"content clearfix\">\n<p><strong>Primera edici\u00f3n:<\/strong> Ed. Nascimento &#8211; Santiago de Chile, 1951<br \/><a href=\"https:\/\/www.penguinlibros.com\/cl\/tematicas\/384995-libro-hijo-de-ladron-edicion-escolar-9789563256901\" target=\"_blank\" rel=\"noopener\" title=\"Novelas - Hijo de ladr\u00f3n\"><strong>\u00daltima edici\u00f3n:<\/strong> Debolsillo &#8211; Santiago de Chile, 2025<\/a><\/p>\n<h2>Rese\u00f1a<\/h2>\n<p class=\"dropcap\" style=\"text-align: justify;\"><strong>Hijo de ladr\u00f3n<\/strong> rompe y supera la tradici\u00f3n de corrientes como el Naturalismo, el Criollismo, el Realismo y todas las variantes narrativas que predominaban hasta ese momento en la literatura chilena y Latinoamericana. Su publicaci\u00f3n, en 1951, se anticipa a otras obras rupturistas como <i>Los pasos perdidos<\/i> (1953) de Alejo Carpentier, <i>Pedro P\u00e1ramo<\/i> (1954) de Juan Rulfo y es contempor\u00e1nea de <i>El t\u00fanel<\/i> (1948) de Ernesto S\u00e1bato y de <i>El Se\u00f1or Presidente<\/i> (1943) del Premio Nobel guatemalteco, Miguel \u00c1ngel Asturias. Por ello, muchos cr\u00edticos y estudiosos consideran a Manuel Rojas como pionero del llamado <i>Boom Latinoamericano<\/i>, movimiento que alcanzar\u00eda su mayor desarrollo en la d\u00e9cada de los a\u00f1os 60 y 70.<\/p>\n<p style=\"text-align: justify;\"><strong>Hijo de ladr\u00f3n<\/strong> es antes que nada un punto de partida. Desde la perspectiva del proyecto de Manuel Rojas, es el lugar donde nace <i>Aniceto Hevia<\/i>, personaje cuya vida y derroteros continuar\u00e1n narr\u00e1ndose en <strong><a title=\"Mejor que el vino\" href=\"https:\/\/manuelrojas.cl\/index.php\/mejor-que-el-vino\/\">Mejor que el vino<\/a><\/strong>, <strong><a title=\"Sombras contra el muro\" href=\"https:\/\/manuelrojas.cl\/index.php\/sombras-contra-el-muro\/\">Sombras contra el muro<\/a><\/strong> y <strong><a title=\"La oscura vida radiante\" href=\"https:\/\/manuelrojas.cl\/index.php\/la-oscura-vida-radiante\/\">La oscura vida radiante<\/a><\/strong>. Desde la perspectiva de la narraci\u00f3n, es igualmente el se\u00f1alamiento de un punto de partida, compuesto por dos elementos fundamentales. Primero, un lugar espec\u00edfico en la sociedad, marcado por condiciones materiales a su vez espec\u00edficas. Luego, un relato \u00edntimo, desde la conciencia de <i>Aniceto Hevia<\/i>, retrato del tr\u00e1nsito de sus afectos, de sus recuerdos de infancia, y del aprendizaje que va realizando en sucesivos encuentros con otros sujetos.<\/p>\n<p style=\"text-align: justify;\">Lo que comienza en <strong>Hijo de ladr\u00f3n<\/strong> es un sinf\u00edn de di\u00e1logos que van matizando aquellos dos elementos. La alusi\u00f3n a los sinos fatales del naturalismo, esa marca de nacimiento, es tensada por el deseo intenso que vemos en el movimiento permanente de <i>Hevia<\/i>. Y no es que el sujeto se imponga sobre la marca y la haga desaparecer. Al contrario, le da significado. El afecto cifrado en ese origen es el mismo que llevar\u00e1 al protagonista a formarse en una subjetividad que resiste la fatalidad impuesta, el mismo que logra apropiar ese margen, y en su retrato hacer una lectura cr\u00edtica de la sociedad.<\/p>\n<p style=\"text-align: justify;\">El tr\u00e1nsito que empieza en <strong>Hijo de ladr\u00f3n<\/strong> abre un espacio que reinterpreta las preocupaciones de la literatura que la precede. Un punto de partida, tanto para la narraci\u00f3n como para la lectura que invoca.<\/p>\n<hr \/>\n<p style=\"text-align: justify;\">La edici\u00f3n de Tajamar de <strong>Hijo de ladr\u00f3n<\/strong>, contiene un pr\u00f3logo de Carla Cordua, el texto sobre la novela proveniente de <strong><a title=\"Autobiograf\u00edas - Antolog\u00eda autobiogr\u00e1fica\" href=\"https:\/\/manuelrojas.cl\/index.php\/antologia-autobiografica\/\">Antolog\u00eda autobiogr\u00e1fica<\/a><\/strong> y un glosario de personajes.<\/p>\n<\/div>\n<\/div>\n<p>[\/et_pb_text][et_pb_text _builder_version=&#8221;4.17.4&#8243; _module_preset=&#8221;default&#8221; text_font=&#8221;Alegreya||||||||&#8221; text_font_size=&#8221;18px&#8221; text_line_height=&#8221;1.8em&#8221; background_color=&#8221;#FFFFFF&#8221; width_tablet=&#8221;&#8221; width_phone=&#8221;&#8221; width_last_edited=&#8221;on|phone&#8221; max_width_tablet=&#8221;&#8221; max_width_phone=&#8221;&#8221; max_width_last_edited=&#8221;on|phone&#8221; custom_padding=&#8221;10px|10px|10px|10px|false|false&#8221; text_font_tablet=&#8221;Alegreya||||||||&#8221; text_font_phone=&#8221;Alegreya||||||||&#8221; text_font_last_edited=&#8221;off|desktop&#8221; text_font_size_tablet=&#8221;17px&#8221; text_font_size_phone=&#8221;10px&#8221; text_font_size_last_edited=&#8221;on|phone&#8221; border_radii=&#8221;on|1px|1px|1px|1px&#8221; border_width_all=&#8221;1px&#8221; border_color_all=&#8221;RGBA(0,91,132,0.8)&#8221; border_style_all=&#8221;dotted&#8221; global_colors_info=&#8221;{}&#8221;]<\/p>\n<div class=\"content clearfix\">\n<div class=\"content clearfix\">\n<h2>Traducciones<\/h2>\n<table border=\"1\" style=\"border-collapse: collapse; width: 100%;\">\n<tbody>\n<tr>\n<td style=\"width: 50%;\"><img loading=\"lazy\" decoding=\"async\" src=\"https:\/\/manuelrojas.cl\/wp-content\/uploads\/2023\/06\/Born-Guilty-1955.jpg\" width=\"200\" height=\"311\" alt=\"\" class=\"wp-image-11042 alignleft size-full\" style=\"float: right;\" srcset=\"https:\/\/manuelrojas.cl\/wp-content\/uploads\/2023\/06\/Born-Guilty-1955.jpg 200w, https:\/\/manuelrojas.cl\/wp-content\/uploads\/2023\/06\/Born-Guilty-1955-193x300.jpg 193w\" sizes=\"auto, (max-width: 200px) 100vw, 200px\" \/><\/td>\n<td style=\"width: 50%;\">\n<h5>Born Guilty &#8211; London &#8211; UK, 1956<\/h5>\n<\/td>\n<\/tr>\n<tr>\n<td style=\"width: 50%; text-align: right;\"><a href=\"https:\/\/manuelrojas.cl\/wp-content\/uploads\/2023\/06\/manuelrojashijodeladronfilsdevoleur89.jpg\"><img loading=\"lazy\" decoding=\"async\" src=\"https:\/\/manuelrojas.cl\/wp-content\/uploads\/2023\/06\/manuelrojashijodeladronfilsdevoleur89-200x300.jpg\" width=\"200\" height=\"300\" alt=\"\" class=\"wp-image-11015 alignleft size-medium\" style=\"float: right;\" srcset=\"https:\/\/manuelrojas.cl\/wp-content\/uploads\/2023\/06\/manuelrojashijodeladronfilsdevoleur89-200x300.jpg 200w, https:\/\/manuelrojas.cl\/wp-content\/uploads\/2023\/06\/manuelrojashijodeladronfilsdevoleur89.jpg 398w\" sizes=\"auto, (max-width: 200px) 100vw, 200px\" \/><\/a><\/td>\n<td style=\"width: 50%;\">\n<h5>Fils de voleur &#8211; Par\u00eds &#8211; Francia, 1963<\/h5>\n<\/td>\n<\/tr>\n<tr>\n<td style=\"width: 50%; text-align: right;\"><a href=\"https:\/\/manuelrojas.cl\/wp-content\/uploads\/2023\/06\/manuelrojashijodeladronfilhodeladrao39.jpg\"><img loading=\"lazy\" decoding=\"async\" src=\"https:\/\/manuelrojas.cl\/wp-content\/uploads\/2023\/06\/manuelrojashijodeladronfilhodeladrao39-200x300.jpg\" width=\"200\" height=\"300\" alt=\"\" class=\"wp-image-11016 alignleft size-medium\" style=\"float: right;\" srcset=\"https:\/\/manuelrojas.cl\/wp-content\/uploads\/2023\/06\/manuelrojashijodeladronfilhodeladrao39-200x300.jpg 200w, https:\/\/manuelrojas.cl\/wp-content\/uploads\/2023\/06\/manuelrojashijodeladronfilhodeladrao39.jpg 398w\" sizes=\"auto, (max-width: 200px) 100vw, 200px\" \/><\/a><\/td>\n<td style=\"width: 50%;\">\n<h5>Filho de ladrao &#8211; Lisboa &#8211; Portugal, 1956<\/h5>\n<\/td>\n<\/tr>\n<tr>\n<td style=\"width: 50%; text-align: right;\"><a href=\"https:\/\/manuelrojas.cl\/wp-content\/uploads\/2023\/06\/manuelrojashijodeladronilfigliodelladro_195584.jpg\"><img loading=\"lazy\" decoding=\"async\" src=\"https:\/\/manuelrojas.cl\/wp-content\/uploads\/2023\/06\/manuelrojashijodeladronilfigliodelladro_195584-200x300.jpg\" width=\"200\" height=\"300\" alt=\"\" class=\"wp-image-11014 alignleft size-medium\" style=\"float: right;\" srcset=\"https:\/\/manuelrojas.cl\/wp-content\/uploads\/2023\/06\/manuelrojashijodeladronilfigliodelladro_195584-200x300.jpg 200w, https:\/\/manuelrojas.cl\/wp-content\/uploads\/2023\/06\/manuelrojashijodeladronilfigliodelladro_195584.jpg 398w\" sizes=\"auto, (max-width: 200px) 100vw, 200px\" \/><\/a><\/td>\n<td style=\"width: 50%;\">\n<h5>Il figlio del ladro &#8211; Milano &#8211; Italia, 1955<\/h5>\n<\/td>\n<\/tr>\n<tr>\n<td style=\"width: 50%; text-align: right;\"><a href=\"https:\/\/manuelrojas.cl\/wp-content\/uploads\/2023\/06\/manuelrojashijodeladrondersohndesdiebes_2.jpg\"><img loading=\"lazy\" decoding=\"async\" src=\"https:\/\/manuelrojas.cl\/wp-content\/uploads\/2023\/06\/manuelrojashijodeladrondersohndesdiebes_2-200x300.jpg\" width=\"200\" height=\"300\" alt=\"\" class=\"wp-image-11017 alignleft size-medium\" style=\"float: right;\" srcset=\"https:\/\/manuelrojas.cl\/wp-content\/uploads\/2023\/06\/manuelrojashijodeladrondersohndesdiebes_2-200x300.jpg 200w, https:\/\/manuelrojas.cl\/wp-content\/uploads\/2023\/06\/manuelrojashijodeladrondersohndesdiebes_2.jpg 398w\" sizes=\"auto, (max-width: 200px) 100vw, 200px\" \/><\/a><\/td>\n<td style=\"width: 50%;\">\n<h5>Der Sohn des Diebes &#8211; Frankfurt &#8211; Germany, 1986<\/h5>\n<\/td>\n<\/tr>\n<tr>\n<td style=\"width: 50%; text-align: right;\"><a href=\"https:\/\/manuelrojas.cl\/wp-content\/uploads\/2023\/06\/manuelrojashijodeladronmejorqueelvinoruso196553-1.jpg\"><img loading=\"lazy\" decoding=\"async\" src=\"https:\/\/manuelrojas.cl\/wp-content\/uploads\/2023\/06\/manuelrojashijodeladronmejorqueelvinoruso196553-1-200x300.jpg\" width=\"200\" height=\"300\" alt=\"\" class=\"wp-image-11004 alignleft size-medium\" style=\"float: right;\" srcset=\"https:\/\/manuelrojas.cl\/wp-content\/uploads\/2023\/06\/manuelrojashijodeladronmejorqueelvinoruso196553-1-200x300.jpg 200w, https:\/\/manuelrojas.cl\/wp-content\/uploads\/2023\/06\/manuelrojashijodeladronmejorqueelvinoruso196553-1.jpg 398w\" sizes=\"auto, (max-width: 200px) 100vw, 200px\" \/><\/a><\/td>\n<td style=\"width: 50%;\">\n<h5>Cblh Bopa &#8211; Mosc\u00fa &#8211; Rusia, 1956<\/h5>\n<\/td>\n<\/tr>\n<tr>\n<td style=\"width: 50%; text-align: right;\"><a href=\"https:\/\/manuelrojas.cl\/wp-content\/uploads\/2023\/07\/manuelrojashijodeladronsontillentjuv.jpg\"><img loading=\"lazy\" decoding=\"async\" src=\"https:\/\/manuelrojas.cl\/wp-content\/uploads\/2023\/07\/manuelrojashijodeladronsontillentjuv-200x300.jpg\" width=\"200\" height=\"300\" alt=\"\" class=\"wp-image-11053 alignleft size-medium\" style=\"float: right;\" srcset=\"https:\/\/manuelrojas.cl\/wp-content\/uploads\/2023\/07\/manuelrojashijodeladronsontillentjuv-200x300.jpg 200w, https:\/\/manuelrojas.cl\/wp-content\/uploads\/2023\/07\/manuelrojashijodeladronsontillentjuv.jpg 398w\" sizes=\"auto, (max-width: 200px) 100vw, 200px\" \/><\/a><\/td>\n<td style=\"width: 50%;\">\n<h5>Son till en tjuv &#8211; Stockholm &#8211; Sweden, 1958<\/h5>\n<\/td>\n<\/tr>\n<tr>\n<td style=\"width: 50%; text-align: right;\"><a href=\"https:\/\/manuelrojas.cl\/wp-content\/uploads\/2023\/07\/manuelrojashijodeladrontolvajvoltazapamhungaro.jpg\"><img loading=\"lazy\" decoding=\"async\" src=\"https:\/\/manuelrojas.cl\/wp-content\/uploads\/2023\/07\/manuelrojashijodeladrontolvajvoltazapamhungaro-200x300.jpg\" width=\"200\" height=\"300\" alt=\"\" class=\"wp-image-11051 alignleft size-medium\" style=\"float: right;\" srcset=\"https:\/\/manuelrojas.cl\/wp-content\/uploads\/2023\/07\/manuelrojashijodeladrontolvajvoltazapamhungaro-200x300.jpg 200w, https:\/\/manuelrojas.cl\/wp-content\/uploads\/2023\/07\/manuelrojashijodeladrontolvajvoltazapamhungaro.jpg 398w\" sizes=\"auto, (max-width: 200px) 100vw, 200px\" \/><\/a><\/td>\n<td style=\"width: 50%;\">\n<h5>Tolvaj volt az ap\u00e1m &#8211; Budapest &#8211; Hungary, 1971<\/h5>\n<\/td>\n<\/tr>\n<tr>\n<td style=\"width: 50%; text-align: right;\"><a href=\"https:\/\/manuelrojas.cl\/wp-content\/uploads\/2023\/06\/manuelrojashijodeladronsynzlodeja_19xxcheco.jpg\"><img loading=\"lazy\" decoding=\"async\" src=\"https:\/\/manuelrojas.cl\/wp-content\/uploads\/2023\/06\/manuelrojashijodeladronsynzlodeja_19xxcheco-200x300.jpg\" width=\"200\" height=\"300\" alt=\"\" class=\"wp-image-11008 alignleft size-medium\" style=\"float: right;\" srcset=\"https:\/\/manuelrojas.cl\/wp-content\/uploads\/2023\/06\/manuelrojashijodeladronsynzlodeja_19xxcheco-200x300.jpg 200w, https:\/\/manuelrojas.cl\/wp-content\/uploads\/2023\/06\/manuelrojashijodeladronsynzlodeja_19xxcheco.jpg 398w\" sizes=\"auto, (max-width: 200px) 100vw, 200px\" \/><\/a><\/td>\n<td style=\"width: 50%;\">\n<h5>Syn zlodeja &#8211; Bratislava &#8211; Slovak, 1977<\/h5>\n<\/td>\n<\/tr>\n<tr>\n<td style=\"width: 50%; text-align: right;\"><a href=\"https:\/\/manuelrojas.cl\/wp-content\/uploads\/2023\/06\/manuelrojashijodeladronchino.jpg\"><img loading=\"lazy\" decoding=\"async\" src=\"https:\/\/manuelrojas.cl\/wp-content\/uploads\/2023\/06\/manuelrojashijodeladronchino-200x300.jpg\" width=\"200\" height=\"300\" alt=\"\" class=\"wp-image-11007 alignleft size-medium\" style=\"float: right;\" srcset=\"https:\/\/manuelrojas.cl\/wp-content\/uploads\/2023\/06\/manuelrojashijodeladronchino-200x300.jpg 200w, https:\/\/manuelrojas.cl\/wp-content\/uploads\/2023\/06\/manuelrojashijodeladronchino.jpg 398w\" sizes=\"auto, (max-width: 200px) 100vw, 200px\" \/><\/a><\/td>\n<td style=\"width: 50%;\">\n<h5>Dorobou no mozuko &#8211; Tokyo &#8211; Japan, 1989<\/h5>\n<\/td>\n<\/tr>\n<\/tbody>\n<\/table>\n<\/div>\n<\/div>\n<p>[\/et_pb_text][\/et_pb_column][\/et_pb_row][\/et_pb_section]<\/p>\n","protected":false},"excerpt":{"rendered":"<p>\u00a0 Obra \/ Novelas \/ Hijo de ladr\u00f3n Primera edici\u00f3n: Ed. Nascimento &#8211; Santiago de Chile, 1951\u00daltima edici\u00f3n: Debolsillo &#8211; Santiago de Chile, 2025 Rese\u00f1a Hijo de ladr\u00f3n rompe y supera la tradici\u00f3n de corrientes como el Naturalismo, el Criollismo, el Realismo y todas las variantes narrativas que predominaban hasta ese momento en la literatura [&hellip;]<\/p>\n","protected":false},"author":1,"featured_media":6723,"parent":0,"menu_order":0,"comment_status":"closed","ping_status":"closed","template":"","meta":{"_et_pb_use_builder":"on","_et_pb_old_content":"[tabby title=\"Libro y Rese\u00f1a\"]\n\n&nbsp;\n<table class=\"table\">\n<tbody>\n<tr>\n<td style=\"text-align: left; vertical-align: top;\"><a href=\"http:\/\/www.manuelrojas.cl\/wp-content\/uploads\/1361657809_magicfields_imagen_portada_traduccion_1_1.png\" rel=\"attachment wp-att-4405\"><img class=\"margin-top: 5px;margin-bottom: 5px;margin-right: 5px;margin-left: 5px; alignleft wp-image-4405\" src=\"http:\/\/www.manuelrojas.cl\/wp-content\/uploads\/1361657809_magicfields_imagen_portada_traduccion_1_1.png\" alt=\"Hijo de Ladr\u00f3n\" width=\"150\" height=\"225\"><\/a><\/td>\n<td style=\"vertical-align: top;\" rowspan=\"2\"><strong>Primera edici\u00f3n:<\/strong> Ed. Nascimento - Santiago de Chile, 1951\n<strong>\u00daltima edici\u00f3n:<\/strong>&nbsp;Tajamar Editores - Santiago de Chile, 2018\n<h2>Rese\u00f1a<\/h2>\n<p class=\"dropcap\" style=\"text-align: justify;\"><strong>Hijo de ladr\u00f3n<\/strong> rompe y supera la tradici\u00f3n de corrientes como el Naturalismo, el Criollismo, el Realismo y todas las variantes narrativas que predominaban hasta ese momento en la literatura chilena y Latinoamericana. Su publicaci\u00f3n, en 1951, se anticipa a otras obras rupturistas como <i>Los pasos perdidos<\/i> (1953) de Alejo Carpentier, <i>Pedro P\u00e1ramo<\/i> (1954) de Juan Rulfo y es contempor\u00e1nea de <i>El t\u00fanel<\/i> (1948) de Ernesto S\u00e1bato y de <i>El Se\u00f1or Presidente<\/i> (1943) del Premio Nobel guatemalteco, Miguel \u00c1ngel Asturias. Por ello, muchos cr\u00edticos y estudiosos consideran a Manuel Rojas como pionero del llamado <i>Boom Latinoamericano<\/i>, movimiento que alcanzar\u00eda su mayor desarrollo en la d\u00e9cada de los a\u00f1os 60 y 70.<\/p>\n<p style=\"text-align: justify;\"><strong>Hijo de ladr\u00f3n<\/strong> es antes que nada un punto de partida. Desde la perspectiva del proyecto de Manuel Rojas, es el lugar donde nace <i>Aniceto Hevia<\/i>, personaje cuya vida y derroteros continuar\u00e1n narr\u00e1ndose en <strong><a title=\"Mejor que el vino\" href=\"http:\/\/www.manuelrojas.cl\/mejor-que-el-vino\/?lang=es\">Mejor que el vino<\/a><\/strong>, <strong><a title=\"Sombras contra el muro\" href=\"http:\/\/www.manuelrojas.cl\/sombras-contra-el-muro\/?lang=es\">Sombras contra el muro<\/a><\/strong> y <strong><a title=\"La oscura vida radiante\" href=\"http:\/\/www.manuelrojas.cl\/la-oscura-vida-radiante\/?lang=es\">La oscura vida radiante<\/a><\/strong>. Desde la perspectiva de la narraci\u00f3n, es igualmente el se\u00f1alamiento de un punto de partida, compuesto por dos elementos fundamentales. Primero, un lugar espec\u00edfico en la sociedad, marcado por condiciones materiales a su vez espec\u00edficas. Luego, un relato \u00edntimo, desde la conciencia de <i>Aniceto Hevia<\/i>, retrato del tr\u00e1nsito de sus afectos, de sus recuerdos de infancia, y del aprendizaje que va realizando en sucesivos encuentros con otros sujetos.<\/p>\n<p style=\"text-align: justify;\">Lo que comienza en <strong>Hijo de ladr\u00f3n<\/strong> es un sinf\u00edn de di\u00e1logos que van matizando aquellos dos elementos. La alusi\u00f3n a los sinos fatales del naturalismo, esa marca de nacimiento, es tensada por el deseo intenso que vemos en el movimiento permanente de <i>Hevia<\/i>. Y no es que el sujeto se imponga sobre la marca y la haga desaparecer. Al contrario, le da significado. El afecto cifrado en ese origen es el mismo que llevar\u00e1 al protagonista a formarse en una subjetividad que resiste la fatalidad impuesta, el mismo que logra apropiar ese margen, y en su retrato hacer una lectura cr\u00edtica de la sociedad.<\/p>\n<p style=\"text-align: justify;\">El tr\u00e1nsito que empieza en <strong>Hijo de ladr\u00f3n<\/strong> abre un espacio que reinterpreta las preocupaciones de la literatura que la precede. Un punto de partida, tanto para la narraci\u00f3n como para la lectura que invoca.<\/p>\n\n\n<hr>\n<p style=\"text-align: justify;\"><strong>Hijo de ladr\u00f3n<\/strong>, contiene un pr\u00f3logo de Carla Cordua, el texto sobre la novela proveniente de <strong><a title=\"Autobiograf\u00edas - Antolog\u00eda autobiogr\u00e1fica\" href=\"http:\/\/www.manuelrojas.cl\/antologia-autobiografica\/?lang=es\">Antolog\u00eda autobiogr\u00e1fica<\/a><\/strong> y un glosario de personajes.<\/p>\n<\/td>\n<\/tr>\n<tr>\n<td style=\"text-align: left; vertical-align: top;\"><a href=\"http:\/\/www.manuelrojas.cl\/wp-content\/uploads\/Hijo-de-ladron-Portada-Tajamar.jpg\" rel=\"attachment wp-att-5249\"><img class=\"margin-top: 5px;margin-bottom: 5px;margin-right: 5px;margin-left: 5px; alignleft wp-image-5249\" src=\"http:\/\/www.manuelrojas.cl\/wp-content\/uploads\/Hijo-de-ladron-Portada-Tajamar.jpg\" alt=\"Hijo de Ladr\u00f3n\" width=\"150\" height=\"225\"><\/a><\/td>\n<\/tr>\n<\/tbody>\n<\/table>\n[tabby title=\"Traducciones\"]\n<table class=\"table\">\n<tbody>\n<tr>\n<td><a href=\"http:\/\/www.manuelrojas.cl\/wp-content\/uploads\/Born-Guilty-1955.jpg\" rel=\"attachment wp-att-5251\"><img class=\"margin-top: 5px;margin-bottom: 5px;margin-right: 5px;margin-left: 5px; wp-image-5251 alignnone\" src=\"http:\/\/www.manuelrojas.cl\/wp-content\/uploads\/Born-Guilty-1955.jpg\" alt=\"Born-Guilty-1955\" width=\"150\" height=\"225\"><\/a>\n<h5>Born Guilty<\/h5>\n<h5>London - UK, 1956<\/h5>\n<\/td>\n<td><a href=\"http:\/\/www.manuelrojas.cl\/wp-content\/uploads\/manuelrojashijodeladronfilsdevoleur89.jpg\" rel=\"attachment wp-att-5252\"><img class=\"margin-top: 5px;margin-bottom: 5px;margin-right: 5px;margin-left: 5px; wp-image-5252 alignnone\" src=\"http:\/\/www.manuelrojas.cl\/wp-content\/uploads\/manuelrojashijodeladronfilsdevoleur89.jpg\" alt=\"Hijo de Ladr\u00f3n\" width=\"150\" height=\"225\"><\/a>\n<h5>Fils de voleur<\/h5>\n<h5>Paris - France, 1963<\/h5>\n<\/td>\n<td><a href=\"http:\/\/www.manuelrojas.cl\/wp-content\/uploads\/manuelrojashijodeladronfilhodeladrao39.jpg\" rel=\"attachment wp-att-5253\"><img class=\"margin-top: 5px;margin-bottom: 5px;margin-right: 5px;margin-left: 5px; wp-image-5253 alignnone\" src=\"http:\/\/www.manuelrojas.cl\/wp-content\/uploads\/manuelrojashijodeladronfilhodeladrao39.jpg\" alt=\"Hijo de Ladr\u00f3n\" width=\"150\" height=\"225\"><\/a>\n<h5>Filho de ladrao<\/h5>\n<h5>Liboa - Portugal, 1956<\/h5>\n<\/td>\n<td><a href=\"http:\/\/www.manuelrojas.cl\/wp-content\/uploads\/manuelrojashijodeladronilfigliodelladro_195584.jpg\" rel=\"attachment wp-att-5254\"><img class=\"margin-top: 5px;margin-bottom: 5px;margin-right: 5px;margin-left: 5px; wp-image-5254 alignnone\" src=\"http:\/\/www.manuelrojas.cl\/wp-content\/uploads\/manuelrojashijodeladronilfigliodelladro_195584.jpg\" alt=\"Hijo de Ladr\u00f3n\" width=\"150\" height=\"225\"><\/a>\n<h5>Il figlio del ladro<\/h5>\n<h5>Milano - Italia, 1955<\/h5>\n<\/td>\n<td><a href=\"http:\/\/www.manuelrojas.cl\/wp-content\/uploads\/manuelrojashijodeladrondersohndesdiebes_2.jpg\" rel=\"attachment wp-att-5255\"><img class=\"margin-top: 5px;margin-bottom: 5px;margin-right: 5px;margin-left: 5px; wp-image-5255 alignnone\" src=\"http:\/\/www.manuelrojas.cl\/wp-content\/uploads\/manuelrojashijodeladrondersohndesdiebes_2.jpg\" alt=\"Hijo de Ladr\u00f3n\" width=\"150\" height=\"225\"><\/a>\n<h5>Der Sohn des Diebes<\/h5>\n<h5>Frankfurt - Germany, 1986<\/h5>\n<\/td>\n<\/tr>\n<tr>\n<td><a href=\"http:\/\/www.manuelrojas.cl\/wp-content\/uploads\/manuelrojashijodeladronmejorqueelvinoruso196553.jpg\" rel=\"attachment wp-att-5259\"><img class=\"margin-top: 5px;margin-bottom: 5px;margin-right: 5px;margin-left: 5px; wp-image-5259 alignnone\" src=\"http:\/\/www.manuelrojas.cl\/wp-content\/uploads\/manuelrojashijodeladronmejorqueelvinoruso196553.jpg\" alt=\"Hijo de Ladr\u00f3n\" width=\"150\" height=\"225\"><\/a>\n<h5>Cblh Bopa<\/h5>\n<h5>Mosc\u00fa - Rusia, 1956<\/h5>\n<\/td>\n<td><a href=\"http:\/\/www.manuelrojas.cl\/wp-content\/uploads\/manuelrojashijodeladronsontillentjuv.jpg\" rel=\"attachment wp-att-5260\"><img class=\"margin-top: 5px;margin-bottom: 5px;margin-right: 5px;margin-left: 5px; wp-image-5260 alignnone\" src=\"http:\/\/www.manuelrojas.cl\/wp-content\/uploads\/manuelrojashijodeladronsontillentjuv.jpg\" alt=\"Hijo de Ladr\u00f3n\" width=\"150\" height=\"225\"><\/a>\n<h5>Son till en tjuv<\/h5>\n<h5>Stockholm - Sweden, 1958<\/h5>\n<\/td>\n<td><a href=\"http:\/\/www.manuelrojas.cl\/wp-content\/uploads\/manuelrojashijodeladrontolvajvoltazapamhungaro.jpg\" rel=\"attachment wp-att-5262\"><img class=\"margin-top: 5px;margin-bottom: 5px;margin-right: 5px;margin-left: 5px; wp-image-5262 alignnone\" src=\"http:\/\/www.manuelrojas.cl\/wp-content\/uploads\/manuelrojashijodeladrontolvajvoltazapamhungaro.jpg\" alt=\"Hijo de Ladr\u00f3n\" width=\"150\" height=\"225\"><\/a>\n<h5>Tolvaj volt az ap\u00e1m<\/h5>\n<h5>Budapest - Hungary, 1971<\/h5>\n<\/td>\n<td><a href=\"http:\/\/www.manuelrojas.cl\/wp-content\/uploads\/manuelrojashijodeladronsynzlodeja_19xxcheco.jpg\" rel=\"attachment wp-att-5263\"><img class=\"margin-top: 5px;margin-bottom: 5px;margin-right: 5px;margin-left: 5px; wp-image-5263 alignnone\" src=\"http:\/\/www.manuelrojas.cl\/wp-content\/uploads\/manuelrojashijodeladronsynzlodeja_19xxcheco.jpg\" alt=\"Hijo de Ladr\u00f3n\" width=\"150\" height=\"225\"><\/a>\n<h5>Syn zlodeja<\/h5>\n<h5>Bratislava - Slovak, 1977<\/h5>\n<\/td>\n<td><a href=\"http:\/\/www.manuelrojas.cl\/wp-content\/uploads\/manuelrojashijodeladronchino.jpg\" rel=\"attachment wp-att-5264\"><img class=\"margin-top: 5px;margin-bottom: 5px;margin-right: 5px;margin-left: 5px; wp-image-5264 alignnone\" src=\"http:\/\/www.manuelrojas.cl\/wp-content\/uploads\/manuelrojashijodeladronchino.jpg\" alt=\"Hijo de Ladr\u00f3n\" width=\"150\" height=\"225\"><\/a>\n<h5>Dorobou no mozuko<\/h5>\n<h5>Tokyo - Japan, 1989<\/h5>\n<\/td>\n<\/tr>\n<\/tbody>\n<\/table>\n[tabbyending]","_et_gb_content_width":"","footnotes":""},"class_list":["post-5245","page","type-page","status-publish","has-post-thumbnail","hentry"],"_links":{"self":[{"href":"https:\/\/manuelrojas.cl\/index.php\/wp-json\/wp\/v2\/pages\/5245","targetHints":{"allow":["GET"]}}],"collection":[{"href":"https:\/\/manuelrojas.cl\/index.php\/wp-json\/wp\/v2\/pages"}],"about":[{"href":"https:\/\/manuelrojas.cl\/index.php\/wp-json\/wp\/v2\/types\/page"}],"author":[{"embeddable":true,"href":"https:\/\/manuelrojas.cl\/index.php\/wp-json\/wp\/v2\/users\/1"}],"replies":[{"embeddable":true,"href":"https:\/\/manuelrojas.cl\/index.php\/wp-json\/wp\/v2\/comments?post=5245"}],"version-history":[{"count":23,"href":"https:\/\/manuelrojas.cl\/index.php\/wp-json\/wp\/v2\/pages\/5245\/revisions"}],"predecessor-version":[{"id":11888,"href":"https:\/\/manuelrojas.cl\/index.php\/wp-json\/wp\/v2\/pages\/5245\/revisions\/11888"}],"wp:featuredmedia":[{"embeddable":true,"href":"https:\/\/manuelrojas.cl\/index.php\/wp-json\/"}],"wp:attachment":[{"href":"https:\/\/manuelrojas.cl\/index.php\/wp-json\/wp\/v2\/media?parent=5245"}],"curies":[{"name":"wp","href":"https:\/\/api.w.org\/{rel}","templated":true}]}}